{"id":129,"date":"2026-03-11T14:05:02","date_gmt":"2026-03-11T14:05:02","guid":{"rendered":"https:\/\/josemanuelrestrepoied.edu.co\/?page_id=129"},"modified":"2026-08-25T15:21:39","modified_gmt":"2026-08-25T15:21:39","slug":"orientacion","status":"publish","type":"page","link":"https:\/\/josemanuelrestrepoied.edu.co\/en\/orientacion\/","title":{"rendered":"Orientaci\u00f3n e Inclusi\u00f3n Escolar"},"content":{"rendered":"<hr class=\"wp-block-separator has-alpha-channel-opacity\"\/>\n\n\n\n<h2 class=\"wp-block-heading\">JORNADAS DE INTERVENCI\u00d3N ESTUDIANTIL &#8211; Estrategias de prevenci\u00f3n de violencias<\/h2>\n\n\n\n<h6 class=\"wp-block-heading\">24 de agosto<\/h6>\n\n\n\n<figure class=\"wp-block-image size-large is-resized\"><img loading=\"lazy\" decoding=\"async\" width=\"666\" height=\"1024\" src=\"https:\/\/josemanuelrestrepoied.edu.co\/wp-content\/uploads\/2026\/08\/Prevencion-de-violencias-666x1024.jpg\" alt=\"\" class=\"wp-image-747\" style=\"aspect-ratio:0.6503852903028916;width:590px;height:auto\" srcset=\"https:\/\/josemanuelrestrepoied.edu.co\/wp-content\/uploads\/2026\/08\/Prevencion-de-violencias-666x1024.jpg 666w, https:\/\/josemanuelrestrepoied.edu.co\/wp-content\/uploads\/2026\/08\/Prevencion-de-violencias-195x300.jpg 195w, https:\/\/josemanuelrestrepoied.edu.co\/wp-content\/uploads\/2026\/08\/Prevencion-de-violencias-768x1181.jpg 768w, https:\/\/josemanuelrestrepoied.edu.co\/wp-content\/uploads\/2026\/08\/Prevencion-de-violencias.jpg 832w\" sizes=\"auto, (max-width: 666px) 100vw, 666px\" \/><\/figure>\n\n\n\n<hr class=\"wp-block-separator has-alpha-channel-opacity\"\/>\n\n\n\n<h2 class=\"wp-block-heading\">Student Intervention Sessions<\/h2>\n\n\n\n<h6 class=\"wp-block-heading\">10 de agosto de 2026<\/h6>\n\n\n\n<figure class=\"wp-block-image size-large is-resized\"><img loading=\"lazy\" decoding=\"async\" width=\"683\" height=\"1024\" src=\"https:\/\/josemanuelrestrepoied.edu.co\/wp-content\/uploads\/2026\/08\/Intervenciones-prevencion-de-violencias-1-683x1024.jpeg\" alt=\"\" class=\"wp-image-713\" style=\"aspect-ratio:0.6670074618894297;width:580px;height:auto\" srcset=\"https:\/\/josemanuelrestrepoied.edu.co\/wp-content\/uploads\/2026\/08\/Intervenciones-prevencion-de-violencias-1-683x1024.jpeg 683w, https:\/\/josemanuelrestrepoied.edu.co\/wp-content\/uploads\/2026\/08\/Intervenciones-prevencion-de-violencias-1-200x300.jpeg 200w, https:\/\/josemanuelrestrepoied.edu.co\/wp-content\/uploads\/2026\/08\/Intervenciones-prevencion-de-violencias-1-768x1152.jpeg 768w, https:\/\/josemanuelrestrepoied.edu.co\/wp-content\/uploads\/2026\/08\/Intervenciones-prevencion-de-violencias-1.jpeg 1024w\" sizes=\"auto, (max-width: 683px) 100vw, 683px\" \/><\/figure>\n\n\n\n<hr class=\"wp-block-separator has-alpha-channel-opacity\"\/>\n\n\n\n<h2 class=\"wp-block-heading\">INVITACI\u00d3N A ESCUELA DE PADRES Y MADRES &#8211; VIRTUAL<\/h2>\n\n\n\n<h6 class=\"wp-block-heading\">10 de agosto de 2026<\/h6>\n\n\n\n<div data-wp-interactive=\"core\/file\" class=\"wp-block-file\"><object data-wp-bind--hidden=\"!state.hasPdfPreview\" hidden class=\"wp-block-file__embed\" data=\"https:\/\/josemanuelrestrepoied.edu.co\/wp-content\/uploads\/2026\/08\/Escuela-de-familias.pdf\" type=\"application\/pdf\" style=\"width:100%;height:600px\" aria-label=\"Embed of Escuela de familias.\"><\/object><a id=\"wp-block-file--media-30c35ecf-1f65-420f-b989-8eafbd61a96c\" href=\"https:\/\/josemanuelrestrepoied.edu.co\/wp-content\/uploads\/2026\/08\/Escuela-de-familias.pdf\">Escuela de familias<\/a><a href=\"https:\/\/josemanuelrestrepoied.edu.co\/wp-content\/uploads\/2026\/08\/Escuela-de-familias.pdf\" class=\"wp-block-file__button wp-element-button\" download aria-describedby=\"wp-block-file--media-30c35ecf-1f65-420f-b989-8eafbd61a96c\">Descarga<\/a><\/div>\n\n\n\n<hr class=\"wp-block-separator has-alpha-channel-opacity\"\/>\n\n\n\n<h1 class=\"wp-block-heading\">INVITACI\u00d3N A TERCERA ESCUELA DE PADRES 2026<\/h1>\n\n\n\n<h6 class=\"wp-block-heading\">27 de julio de 2026<\/h6>\n\n\n\n<figure class=\"wp-block-gallery has-nested-images columns-default is-cropped wp-block-gallery-1 is-layout-flex wp-block-gallery-is-layout-flex\">\n<figure class=\"wp-block-image size-large is-resized\"><img loading=\"lazy\" decoding=\"async\" width=\"723\" height=\"1024\" data-id=\"666\" src=\"https:\/\/josemanuelrestrepoied.edu.co\/wp-content\/uploads\/2026\/07\/WhatsApp-Image-2026-07-27-at-12.02.07-PM-2-723x1024.jpeg\" alt=\"\" class=\"wp-image-666\" style=\"width:501px;height:auto\" srcset=\"https:\/\/josemanuelrestrepoied.edu.co\/wp-content\/uploads\/2026\/07\/WhatsApp-Image-2026-07-27-at-12.02.07-PM-2-723x1024.jpeg 723w, https:\/\/josemanuelrestrepoied.edu.co\/wp-content\/uploads\/2026\/07\/WhatsApp-Image-2026-07-27-at-12.02.07-PM-2-212x300.jpeg 212w, https:\/\/josemanuelrestrepoied.edu.co\/wp-content\/uploads\/2026\/07\/WhatsApp-Image-2026-07-27-at-12.02.07-PM-2-768x1087.jpeg 768w, https:\/\/josemanuelrestrepoied.edu.co\/wp-content\/uploads\/2026\/07\/WhatsApp-Image-2026-07-27-at-12.02.07-PM-2.jpeg 1054w\" sizes=\"auto, (max-width: 723px) 100vw, 723px\" \/><\/figure>\n\n\n\n<figure class=\"wp-block-image size-large is-resized\"><img loading=\"lazy\" decoding=\"async\" width=\"723\" height=\"1024\" data-id=\"665\" src=\"https:\/\/josemanuelrestrepoied.edu.co\/wp-content\/uploads\/2026\/07\/WhatsApp-Image-2026-07-27-at-12.02.07-PM-1-1-723x1024.jpeg\" alt=\"\" class=\"wp-image-665\" style=\"width:498px;height:auto\" srcset=\"https:\/\/josemanuelrestrepoied.edu.co\/wp-content\/uploads\/2026\/07\/WhatsApp-Image-2026-07-27-at-12.02.07-PM-1-1-723x1024.jpeg 723w, https:\/\/josemanuelrestrepoied.edu.co\/wp-content\/uploads\/2026\/07\/WhatsApp-Image-2026-07-27-at-12.02.07-PM-1-1-212x300.jpeg 212w, https:\/\/josemanuelrestrepoied.edu.co\/wp-content\/uploads\/2026\/07\/WhatsApp-Image-2026-07-27-at-12.02.07-PM-1-1-768x1087.jpeg 768w, https:\/\/josemanuelrestrepoied.edu.co\/wp-content\/uploads\/2026\/07\/WhatsApp-Image-2026-07-27-at-12.02.07-PM-1-1.jpeg 1054w\" sizes=\"auto, (max-width: 723px) 100vw, 723px\" \/><\/figure>\n<\/figure>\n\n\n\n<h2 class=\"wp-block-heading\"><a href=\"https:\/\/josemanuelrestrepoied.edu.co\/en\/circulares\/\">HAGA CLICK AQU\u00cd PARA CONOCER LAS CIRCULARES<\/a><\/h2>\n\n\n\n<div class=\"wp-block-columns is-layout-flex wp-container-core-columns-is-layout-8f761849 wp-block-columns-is-layout-flex\">\n<div class=\"wp-block-column is-layout-flow wp-block-column-is-layout-flow\" style=\"flex-basis:100%\">\n<div class=\"wp-block-columns is-layout-flex wp-container-core-columns-is-layout-8f761849 wp-block-columns-is-layout-flex\">\n<div class=\"wp-block-column is-layout-flow wp-block-column-is-layout-flow\" style=\"flex-basis:100%\">\n<div class=\"wp-block-media-text is-stacked-on-mobile is-vertically-aligned-center\" style=\"grid-template-columns:77% auto\"><figure class=\"wp-block-media-text__media\"><video controls src=\"https:\/\/josemanuelrestrepoied.edu.co\/wp-content\/uploads\/2026\/07\/WhatsApp-Video-2026-07-28-at-11.13.18-AM-2.mp4\"><\/video><\/figure><div class=\"wp-block-media-text__content\">\n<p class=\"wp-block-paragraph\"><\/p>\n<\/div><\/div>\n<\/div>\n<\/div>\n<\/div>\n<\/div>\n\n\n\n<hr class=\"wp-block-separator has-alpha-channel-opacity\"\/>\n\n\n\n<h1 class=\"wp-block-heading\">Taller&nbsp;<strong>&#8220;No todos vemos igual&#8221;<\/strong>.<\/h1>\n\n\n\n<h6 class=\"wp-block-heading\">24 de julio de 2026<\/h6>\n\n\n<div class=\"wp-block-image\">\n<figure class=\"aligncenter size-large is-resized\"><img loading=\"lazy\" decoding=\"async\" width=\"1024\" height=\"1017\" src=\"https:\/\/josemanuelrestrepoied.edu.co\/wp-content\/uploads\/2026\/07\/WhatsApp-Image-2026-07-22-at-10.16.02-AM-1-1024x1017.jpeg\" alt=\"\" class=\"wp-image-656\" style=\"aspect-ratio:1.0068924183398262;width:683px;height:auto\" srcset=\"https:\/\/josemanuelrestrepoied.edu.co\/wp-content\/uploads\/2026\/07\/WhatsApp-Image-2026-07-22-at-10.16.02-AM-1-1024x1017.jpeg 1024w, https:\/\/josemanuelrestrepoied.edu.co\/wp-content\/uploads\/2026\/07\/WhatsApp-Image-2026-07-22-at-10.16.02-AM-1-300x298.jpeg 300w, https:\/\/josemanuelrestrepoied.edu.co\/wp-content\/uploads\/2026\/07\/WhatsApp-Image-2026-07-22-at-10.16.02-AM-1-150x150.jpeg 150w, https:\/\/josemanuelrestrepoied.edu.co\/wp-content\/uploads\/2026\/07\/WhatsApp-Image-2026-07-22-at-10.16.02-AM-1-768x763.jpeg 768w, https:\/\/josemanuelrestrepoied.edu.co\/wp-content\/uploads\/2026\/07\/WhatsApp-Image-2026-07-22-at-10.16.02-AM-1.jpeg 1080w\" sizes=\"auto, (max-width: 1024px) 100vw, 1024px\" \/><figcaption class=\"wp-element-caption\">&nbsp;<strong>Fundaci\u00f3n Centro de Rehabilitaci\u00f3n para Adultos Ciegos (CRAC)<\/strong>&nbsp;<\/figcaption><\/figure>\n<\/div>\n\n\n<hr class=\"wp-block-separator has-alpha-channel-opacity\"\/>\n\n\n\n<h1 class=\"wp-block-heading\">\u00a1Esta es tu oportunidad para comenzar tu futuro profesional! \ud83c\udf93<\/h1>\n\n\n\n<h6 class=\"wp-block-heading\">17 de julio de 2026<\/h6>\n\n\n\n<div class=\"wp-block-group\"><div class=\"wp-block-group__inner-container is-layout-constrained wp-block-group-is-layout-constrained\">\n<div class=\"wp-block-media-text is-stacked-on-mobile\" style=\"grid-template-columns:38% auto\"><figure class=\"wp-block-media-text__media\"><video controls src=\"https:\/\/josemanuelrestrepoied.edu.co\/wp-content\/uploads\/2026\/07\/WhatsApp-Video-2026-07-21-at-7.00.52-AM-1.mp4\"><\/video><\/figure><div class=\"wp-block-media-text__content\">\n<p class=\"wp-block-paragraph\"><\/p>\n<\/div><\/div>\n<\/div><\/div>\n\n\n\n<p class=\"wp-block-paragraph\">La Universidad Aut\u00f3noma de Colombia anuncia un 50% de apoyo econ\u00f3mico para quienes deseen iniciar su formaci\u00f3n en alguno de nuestros programas de pregrado:<\/p>\n\n\n\n<p class=\"wp-block-paragraph\">\u2705 Ingenier\u00eda de Sistemas<br>\u2705 Dise\u00f1o Industrial<br>\u2705 Negocios y Relaciones Internacionales<br>\u2705 Contadur\u00eda P\u00fablica<br>\u2705 Tecnolog\u00eda en An\u00e1lisis Estad\u00edstico de Datos<\/p>\n\n\n\n<p class=\"wp-block-paragraph\">\ud83d\udcc5 V\u00e1lido del 16 al 31 de julio.<\/p>\n\n\n\n<p class=\"wp-block-paragraph\">Condiciones:<br>\u2714\ufe0f Aplica \u00fanicamente para aspirantes inscritos y admitidos dentro de este periodo.<br>\u2714\ufe0f No es acumulable con otros descuentos o beneficios.<\/p>\n\n\n\n<p class=\"wp-block-paragraph\">No dejes pasar esta oportunidad de estudiar con una instituci\u00f3n de trayectoria y calidad. \u00a1Inscr\u00edbete hoy y da el primer paso hacia tu futuro!<\/p>\n\n\n\n<p class=\"wp-block-paragraph\">\ud83d\udcf2 Solicita m\u00e1s informaci\u00f3n: 3160233453<\/p>\n\n\n\n<p class=\"wp-block-paragraph\"><\/p>\n\n\n\n<hr class=\"wp-block-separator has-alpha-channel-opacity\"\/>\n\n\n\n<h1 class=\"wp-block-heading\">Invitaci\u00f3n virtual programa orientaci\u00f3n socio ocupacional (OSO). Direccionado a padres y madres de familia grados 9 a 11.<\/h1>\n\n\n\n<h6 class=\"wp-block-heading\">14 de julio de 2026<\/h6>\n\n\n<div class=\"wp-block-image\">\n<figure class=\"aligncenter size-large is-resized\"><img loading=\"lazy\" decoding=\"async\" width=\"883\" height=\"1024\" src=\"https:\/\/josemanuelrestrepoied.edu.co\/wp-content\/uploads\/2026\/07\/ChatGPT-Image-Jul-15-2026-10_14_33-AM-e1784128772802-883x1024.png\" alt=\"\" class=\"wp-image-630\" style=\"aspect-ratio:0.8623261633222655;width:567px;height:auto\"\/><\/figure>\n<\/div>\n\n\n<p class=\"wp-block-paragraph\">\ud83d\udc40 Sesi\u00f3n de familias<\/p>\n\n\n\n<p class=\"wp-block-paragraph\">\ud83d\udcc5 *Jueves 16 de julio de 2026*<\/p>\n\n\n\n<p class=\"wp-block-paragraph\">\ud83d\udd57 7:00 p.m. \u2013 8:00 p.m.<\/p>\n\n\n\n<p class=\"wp-block-paragraph\">\ud83d\udc47 Inscr\u00edbete aqu\u00ed: <\/p>\n\n\n\n<p class=\"wp-block-paragraph\"><a href=\"https:\/\/forms.cloud.microsoft\/r\/CskcfwNRUx\">https:\/\/forms.cloud.microsoft\/r\/CskcfwNRUx<\/a><\/p>\n\n\n\n<p class=\"wp-block-paragraph\">\ud83d\udedcConexi\u00f3n a la sesi\u00f3n:&nbsp;<\/p>\n\n\n\n<p class=\"wp-block-paragraph\"><a href=\"https:\/\/teams.microsoft.com\/meet\/25226181244148?p=c9KFbLVew6s1pZFW6U\">https:\/\/teams.microsoft.com\/meet\/25226181244148?p=c9KFbLVew6s1pZFW6U<\/a><\/p>\n\n\n\n<p class=\"wp-block-paragraph\">MUCHAS GRACIAS<\/p>\n\n\n\n<p class=\"wp-block-paragraph\">ORIENTACI\u00d3N ESCOLAR COLEGIO JMR IED.<\/p>\n\n\n\n<hr class=\"wp-block-separator has-alpha-channel-opacity\"\/>\n\n\n\n<h2 class=\"wp-block-heading\">Prevenci\u00f3n de Violencias, Orden y Tranquilidad<\/h2>\n\n\n\n<h6 class=\"wp-block-heading\">9 de junio de 2026<\/h6>\n\n\n<div class=\"wp-block-image\">\n<figure class=\"aligncenter size-large is-resized\"><img loading=\"lazy\" decoding=\"async\" width=\"565\" height=\"1024\" src=\"https:\/\/josemanuelrestrepoied.edu.co\/wp-content\/uploads\/2026\/06\/IMG_20260609_130445_561_edit_334686190821563-565x1024.jpg\" alt=\"\" class=\"wp-image-600\" style=\"aspect-ratio:0.5517662317845426;width:458px;height:auto\" srcset=\"https:\/\/josemanuelrestrepoied.edu.co\/wp-content\/uploads\/2026\/06\/IMG_20260609_130445_561_edit_334686190821563-565x1024.jpg 565w, https:\/\/josemanuelrestrepoied.edu.co\/wp-content\/uploads\/2026\/06\/IMG_20260609_130445_561_edit_334686190821563-165x300.jpg 165w, https:\/\/josemanuelrestrepoied.edu.co\/wp-content\/uploads\/2026\/06\/IMG_20260609_130445_561_edit_334686190821563-768x1393.jpg 768w, https:\/\/josemanuelrestrepoied.edu.co\/wp-content\/uploads\/2026\/06\/IMG_20260609_130445_561_edit_334686190821563.jpg 790w\" sizes=\"auto, (max-width: 565px) 100vw, 565px\" \/><\/figure>\n<\/div>\n\n\n<hr class=\"wp-block-separator has-alpha-channel-opacity\"\/>\n\n\n\n<h2 class=\"wp-block-heading\">Socializaci\u00f3n y Sensibilizaci\u00f3n sobre Hemofilia<\/h2>\n\n\n\n<h6 class=\"wp-block-heading\">9 de junio de 2026<\/h6>\n\n\n<div class=\"wp-block-image\">\n<figure class=\"aligncenter size-large is-resized\"><img loading=\"lazy\" decoding=\"async\" width=\"576\" height=\"1024\" src=\"https:\/\/josemanuelrestrepoied.edu.co\/wp-content\/uploads\/2026\/06\/IMG-20260609-WA0022-576x1024.jpg\" alt=\"\" class=\"wp-image-599\" style=\"aspect-ratio:0.5624933241779202;width:389px;height:auto\" srcset=\"https:\/\/josemanuelrestrepoied.edu.co\/wp-content\/uploads\/2026\/06\/IMG-20260609-WA0022-576x1024.jpg 576w, https:\/\/josemanuelrestrepoied.edu.co\/wp-content\/uploads\/2026\/06\/IMG-20260609-WA0022-169x300.jpg 169w, https:\/\/josemanuelrestrepoied.edu.co\/wp-content\/uploads\/2026\/06\/IMG-20260609-WA0022-768x1366.jpg 768w, https:\/\/josemanuelrestrepoied.edu.co\/wp-content\/uploads\/2026\/06\/IMG-20260609-WA0022-864x1536.jpg 864w, https:\/\/josemanuelrestrepoied.edu.co\/wp-content\/uploads\/2026\/06\/IMG-20260609-WA0022.jpg 899w\" sizes=\"auto, (max-width: 576px) 100vw, 576px\" \/><\/figure>\n<\/div>\n\n\n<hr class=\"wp-block-separator has-alpha-channel-opacity\"\/>\n\n\n\n<h2 class=\"wp-block-heading\">Talleres de Prevenci\u00f3n de Violencias: 2da y 3ra Sesi\u00f3n Formativa<\/h2>\n\n\n\n<h6 class=\"wp-block-heading\">3 de junio de 2026<\/h6>\n\n\n\n<figure class=\"wp-block-image size-large\"><img loading=\"lazy\" decoding=\"async\" width=\"1024\" height=\"576\" src=\"https:\/\/josemanuelrestrepoied.edu.co\/wp-content\/uploads\/2026\/06\/Taller_est_301-401-402-403-1_page-0001-2-1024x576.jpg\" alt=\"\" class=\"wp-image-555\" srcset=\"https:\/\/josemanuelrestrepoied.edu.co\/wp-content\/uploads\/2026\/06\/Taller_est_301-401-402-403-1_page-0001-2-1024x576.jpg 1024w, https:\/\/josemanuelrestrepoied.edu.co\/wp-content\/uploads\/2026\/06\/Taller_est_301-401-402-403-1_page-0001-2-300x169.jpg 300w, https:\/\/josemanuelrestrepoied.edu.co\/wp-content\/uploads\/2026\/06\/Taller_est_301-401-402-403-1_page-0001-2-768x432.jpg 768w, https:\/\/josemanuelrestrepoied.edu.co\/wp-content\/uploads\/2026\/06\/Taller_est_301-401-402-403-1_page-0001-2-1536x864.jpg 1536w, https:\/\/josemanuelrestrepoied.edu.co\/wp-content\/uploads\/2026\/06\/Taller_est_301-401-402-403-1_page-0001-2-2048x1152.jpg 2048w\" sizes=\"auto, (max-width: 1024px) 100vw, 1024px\" \/><\/figure>\n\n\n\n<h2 class=\"wp-block-heading\">Talleres de Prevenci\u00f3n en Situaciones de Salud Mental <\/h2>\n\n\n\n<figure class=\"wp-block-image size-large\"><img loading=\"lazy\" decoding=\"async\" width=\"1024\" height=\"576\" src=\"https:\/\/josemanuelrestrepoied.edu.co\/wp-content\/uploads\/2026\/06\/Taller_est_T01-101-201-701-702-703_page-0001-1024x576.jpg\" alt=\"\" class=\"wp-image-556\" srcset=\"https:\/\/josemanuelrestrepoied.edu.co\/wp-content\/uploads\/2026\/06\/Taller_est_T01-101-201-701-702-703_page-0001-1024x576.jpg 1024w, https:\/\/josemanuelrestrepoied.edu.co\/wp-content\/uploads\/2026\/06\/Taller_est_T01-101-201-701-702-703_page-0001-300x169.jpg 300w, https:\/\/josemanuelrestrepoied.edu.co\/wp-content\/uploads\/2026\/06\/Taller_est_T01-101-201-701-702-703_page-0001-768x432.jpg 768w, https:\/\/josemanuelrestrepoied.edu.co\/wp-content\/uploads\/2026\/06\/Taller_est_T01-101-201-701-702-703_page-0001-1536x864.jpg 1536w, https:\/\/josemanuelrestrepoied.edu.co\/wp-content\/uploads\/2026\/06\/Taller_est_T01-101-201-701-702-703_page-0001-2048x1152.jpg 2048w\" sizes=\"auto, (max-width: 1024px) 100vw, 1024px\" \/><\/figure>\n\n\n\n<p class=\"wp-block-paragraph\"><\/p>\n\n\n\n<hr class=\"wp-block-separator has-alpha-channel-opacity\"\/>\n\n\n\n<h2 class=\"wp-block-heading\">Segundo taller para Padres<\/h2>\n\n\n\n<h6 class=\"wp-block-heading\">21 de abril de 2026<\/h6>\n\n\n<div class=\"wp-block-image\">\n<figure class=\"aligncenter size-large\"><img loading=\"lazy\" decoding=\"async\" width=\"683\" height=\"1024\" src=\"http:\/\/josemanuelrestrepoied.edu.co\/wp-content\/uploads\/2026\/04\/Invitacion-Segundo-Taller-para-Padres-683x1024.jpeg\" alt=\"\" class=\"wp-image-364\" srcset=\"https:\/\/josemanuelrestrepoied.edu.co\/wp-content\/uploads\/2026\/04\/Invitacion-Segundo-Taller-para-Padres-683x1024.jpeg 683w, https:\/\/josemanuelrestrepoied.edu.co\/wp-content\/uploads\/2026\/04\/Invitacion-Segundo-Taller-para-Padres-200x300.jpeg 200w, https:\/\/josemanuelrestrepoied.edu.co\/wp-content\/uploads\/2026\/04\/Invitacion-Segundo-Taller-para-Padres-768x1152.jpeg 768w, https:\/\/josemanuelrestrepoied.edu.co\/wp-content\/uploads\/2026\/04\/Invitacion-Segundo-Taller-para-Padres-8x12.jpeg 8w, https:\/\/josemanuelrestrepoied.edu.co\/wp-content\/uploads\/2026\/04\/Invitacion-Segundo-Taller-para-Padres.jpeg 1024w\" sizes=\"auto, (max-width: 683px) 100vw, 683px\" \/><\/figure>\n<\/div>","protected":false},"excerpt":{"rendered":"<p>JORNADAS DE INTERVENCI\u00d3N ESTUDIANTIL &#8211; Estrategias de prevenci\u00f3n de violencias 24 de agosto JORNADAS DE INTERVENCI\u00d3N ESTUDIANTIL 10 de agosto de 2026 INVITACI\u00d3N A ESCUELA DE PADRES Y MADRES &#8211; VIRTUAL 10 de agosto de 2026 INVITACI\u00d3N A TERCERA ESCUELA&hellip;<\/p>","protected":false},"author":2,"featured_media":0,"parent":0,"menu_order":0,"comment_status":"closed","ping_status":"closed","template":"","meta":{"footnotes":""},"class_list":["post-129","page","type-page","status-publish","hentry"],"jetpack_sharing_enabled":true,"_links":{"self":[{"href":"https:\/\/josemanuelrestrepoied.edu.co\/en\/wp-json\/wp\/v2\/pages\/129","targetHints":{"allow":["GET"]}}],"collection":[{"href":"https:\/\/josemanuelrestrepoied.edu.co\/en\/wp-json\/wp\/v2\/pages"}],"about":[{"href":"https:\/\/josemanuelrestrepoied.edu.co\/en\/wp-json\/wp\/v2\/types\/page"}],"author":[{"embeddable":true,"href":"https:\/\/josemanuelrestrepoied.edu.co\/en\/wp-json\/wp\/v2\/users\/2"}],"replies":[{"embeddable":true,"href":"https:\/\/josemanuelrestrepoied.edu.co\/en\/wp-json\/wp\/v2\/comments?post=129"}],"version-history":[{"count":21,"href":"https:\/\/josemanuelrestrepoied.edu.co\/en\/wp-json\/wp\/v2\/pages\/129\/revisions"}],"predecessor-version":[{"id":748,"href":"https:\/\/josemanuelrestrepoied.edu.co\/en\/wp-json\/wp\/v2\/pages\/129\/revisions\/748"}],"wp:attachment":[{"href":"https:\/\/josemanuelrestrepoied.edu.co\/en\/wp-json\/wp\/v2\/media?parent=129"}],"curies":[{"name":"wp","href":"https:\/\/api.w.org\/{rel}","templated":true}]}}