{"id":306,"date":"2026-04-10T12:56:04","date_gmt":"2026-04-10T12:56:04","guid":{"rendered":"https:\/\/josemanuelrestrepoied.edu.co\/?page_id=306"},"modified":"2026-08-31T13:49:59","modified_gmt":"2026-08-31T13:49:59","slug":"noticias","status":"publish","type":"page","link":"https:\/\/josemanuelrestrepoied.edu.co\/en\/noticias\/","title":{"rendered":"News"},"content":{"rendered":"<hr class=\"wp-block-separator has-alpha-channel-opacity\"\/>\n\n\n\n<h2 class=\"wp-block-heading\">Families caring for each other, students protecting themselves<\/h2>\n\n\n\n<h6 class=\"wp-block-heading\">August 31, 2026<\/h6>\n\n\n\n<figure class=\"wp-block-image size-large is-resized\"><img loading=\"lazy\" decoding=\"async\" width=\"819\" height=\"1024\" src=\"https:\/\/josemanuelrestrepoied.edu.co\/wp-content\/uploads\/2026\/08\/Medidas-de-prevencion-y-dialogo-en-familia-1-819x1024.png\" alt=\"\" class=\"wp-image-754\" style=\"aspect-ratio:0.799826041841515;width:681px;height:auto\" srcset=\"https:\/\/josemanuelrestrepoied.edu.co\/wp-content\/uploads\/2026\/08\/Medidas-de-prevencion-y-dialogo-en-familia-1-819x1024.png 819w, https:\/\/josemanuelrestrepoied.edu.co\/wp-content\/uploads\/2026\/08\/Medidas-de-prevencion-y-dialogo-en-familia-1-240x300.png 240w, https:\/\/josemanuelrestrepoied.edu.co\/wp-content\/uploads\/2026\/08\/Medidas-de-prevencion-y-dialogo-en-familia-1-10x12.png 10w, https:\/\/josemanuelrestrepoied.edu.co\/wp-content\/uploads\/2026\/08\/Medidas-de-prevencion-y-dialogo-en-familia-1-767x959.png 767w, https:\/\/josemanuelrestrepoied.edu.co\/wp-content\/uploads\/2026\/08\/Medidas-de-prevencion-y-dialogo-en-familia-1.png 1122w\" sizes=\"auto, (max-width: 819px) 100vw, 819px\" \/><\/figure>\n\n\n\n<hr class=\"wp-block-separator has-alpha-channel-opacity\"\/>\n\n\n\n<h2 class=\"wp-block-heading\">UNIDOS POR QUIENES M\u00c1S LO NECESITA<\/h2>\n\n\n\n<h6 class=\"wp-block-heading\">11  de agosto de 2026<\/h6>\n\n\n\n<figure class=\"wp-block-image size-large\"><img loading=\"lazy\" decoding=\"async\" width=\"683\" height=\"1024\" src=\"https:\/\/josemanuelrestrepoied.edu.co\/wp-content\/uploads\/2026\/08\/IMG-20260811-WA0041-1-683x1024.jpg\" alt=\"\" class=\"wp-image-722\" srcset=\"https:\/\/josemanuelrestrepoied.edu.co\/wp-content\/uploads\/2026\/08\/IMG-20260811-WA0041-1-683x1024.jpg 683w, https:\/\/josemanuelrestrepoied.edu.co\/wp-content\/uploads\/2026\/08\/IMG-20260811-WA0041-1-200x300.jpg 200w, https:\/\/josemanuelrestrepoied.edu.co\/wp-content\/uploads\/2026\/08\/IMG-20260811-WA0041-1-768x1152.jpg 768w, https:\/\/josemanuelrestrepoied.edu.co\/wp-content\/uploads\/2026\/08\/IMG-20260811-WA0041-1.jpg 1024w\" sizes=\"auto, (max-width: 683px) 100vw, 683px\" \/><\/figure>\n\n\n\n<hr class=\"wp-block-separator has-alpha-channel-opacity\"\/>\n\n\n\n<h2 class=\"wp-block-heading\">\u00a1Atenci\u00f3n comunidad educativa!<\/h2>\n\n\n\n<h6 class=\"wp-block-heading\">3 de agosto de 2026<\/h6>\n\n\n<div class=\"wp-block-image\">\n<figure class=\"aligncenter size-large is-resized\"><img loading=\"lazy\" decoding=\"async\" width=\"1024\" height=\"1024\" src=\"https:\/\/josemanuelrestrepoied.edu.co\/wp-content\/uploads\/2026\/08\/WhatsApp-Image-2026-08-03-at-4.15.23-PM-1-1024x1024.jpeg\" alt=\"\" class=\"wp-image-708\" style=\"width:390px;height:auto\" srcset=\"https:\/\/josemanuelrestrepoied.edu.co\/wp-content\/uploads\/2026\/08\/WhatsApp-Image-2026-08-03-at-4.15.23-PM-1-1024x1024.jpeg 1024w, https:\/\/josemanuelrestrepoied.edu.co\/wp-content\/uploads\/2026\/08\/WhatsApp-Image-2026-08-03-at-4.15.23-PM-1-300x300.jpeg 300w, https:\/\/josemanuelrestrepoied.edu.co\/wp-content\/uploads\/2026\/08\/WhatsApp-Image-2026-08-03-at-4.15.23-PM-1-150x150.jpeg 150w, https:\/\/josemanuelrestrepoied.edu.co\/wp-content\/uploads\/2026\/08\/WhatsApp-Image-2026-08-03-at-4.15.23-PM-1-768x768.jpeg 768w, https:\/\/josemanuelrestrepoied.edu.co\/wp-content\/uploads\/2026\/08\/WhatsApp-Image-2026-08-03-at-4.15.23-PM-1.jpeg 1254w\" sizes=\"auto, (max-width: 1024px) 100vw, 1024px\" \/><\/figure>\n<\/div>\n\n\n<hr class=\"wp-block-separator has-alpha-channel-opacity\"\/>\n\n\n\n<h2 class=\"wp-block-heading\">MATR\u00cdCULAS ABIERTAS <\/h2>\n\n\n\n<h6 class=\"wp-block-heading\">10 de julio de 2026<\/h6>\n\n\n<div class=\"wp-block-image\">\n<figure class=\"aligncenter size-large is-resized\"><img loading=\"lazy\" decoding=\"async\" width=\"819\" height=\"1024\" src=\"https:\/\/josemanuelrestrepoied.edu.co\/wp-content\/uploads\/2026\/07\/Poster-matriculas-EEF-MZ-Puente-Aranda-1-1-819x1024.png\" alt=\"\" class=\"wp-image-625\" style=\"aspect-ratio:0.799826041841515;width:840px;height:auto\" srcset=\"https:\/\/josemanuelrestrepoied.edu.co\/wp-content\/uploads\/2026\/07\/Poster-matriculas-EEF-MZ-Puente-Aranda-1-1-819x1024.png 819w, https:\/\/josemanuelrestrepoied.edu.co\/wp-content\/uploads\/2026\/07\/Poster-matriculas-EEF-MZ-Puente-Aranda-1-1-240x300.png 240w, https:\/\/josemanuelrestrepoied.edu.co\/wp-content\/uploads\/2026\/07\/Poster-matriculas-EEF-MZ-Puente-Aranda-1-1-768x960.png 768w, https:\/\/josemanuelrestrepoied.edu.co\/wp-content\/uploads\/2026\/07\/Poster-matriculas-EEF-MZ-Puente-Aranda-1-1.png 1080w\" sizes=\"auto, (max-width: 819px) 100vw, 819px\" \/><\/figure>\n<\/div>\n\n\n<hr class=\"wp-block-separator has-alpha-channel-opacity\"\/>\n\n\n\n<h2 class=\"wp-block-heading\">Felices vacaciones familias Restrepistas<\/h2>\n\n\n\n<h6 class=\"wp-block-heading\">18 de junio de 2026<\/h6>\n\n\n<div class=\"wp-block-image\">\n<figure class=\"aligncenter size-large is-resized\"><img loading=\"lazy\" decoding=\"async\" width=\"683\" height=\"1024\" src=\"https:\/\/josemanuelrestrepoied.edu.co\/wp-content\/uploads\/2026\/06\/Tarjeta-Recomendaciones-de-Vacaciones-1-683x1024.jpeg\" alt=\"\" class=\"wp-image-619\" style=\"aspect-ratio:0.6670074618894297;width:540px;height:auto\" srcset=\"https:\/\/josemanuelrestrepoied.edu.co\/wp-content\/uploads\/2026\/06\/Tarjeta-Recomendaciones-de-Vacaciones-1-683x1024.jpeg 683w, https:\/\/josemanuelrestrepoied.edu.co\/wp-content\/uploads\/2026\/06\/Tarjeta-Recomendaciones-de-Vacaciones-1-200x300.jpeg 200w, https:\/\/josemanuelrestrepoied.edu.co\/wp-content\/uploads\/2026\/06\/Tarjeta-Recomendaciones-de-Vacaciones-1-768x1152.jpeg 768w, https:\/\/josemanuelrestrepoied.edu.co\/wp-content\/uploads\/2026\/06\/Tarjeta-Recomendaciones-de-Vacaciones-1.jpeg 1024w\" sizes=\"auto, (max-width: 683px) 100vw, 683px\" \/><\/figure>\n<\/div>\n\n\n<p class=\"wp-block-paragraph\"><\/p>\n\n\n\n<hr class=\"wp-block-separator has-alpha-channel-opacity\"\/>\n\n\n\n<h2 class=\"wp-block-heading\">Invitaci\u00f3n al Foro Educativo Institucional \u2013 Colegio Jos\u00e9 Manuel Restrepo IED<\/h2>\n\n\n\n<h6 class=\"wp-block-heading\">16 de junio de 2026<\/h6>\n\n\n<div class=\"wp-block-image\">\n<figure class=\"aligncenter size-large is-resized\"><img loading=\"lazy\" decoding=\"async\" width=\"683\" height=\"1024\" src=\"https:\/\/josemanuelrestrepoied.edu.co\/wp-content\/uploads\/2026\/06\/Invitacion-Foro-Institucional-2026-1-683x1024.jpg\" alt=\"\" class=\"wp-image-611\" style=\"aspect-ratio:0.6670074618894297;width:551px;height:auto\" srcset=\"https:\/\/josemanuelrestrepoied.edu.co\/wp-content\/uploads\/2026\/06\/Invitacion-Foro-Institucional-2026-1-683x1024.jpg 683w, https:\/\/josemanuelrestrepoied.edu.co\/wp-content\/uploads\/2026\/06\/Invitacion-Foro-Institucional-2026-1-200x300.jpg 200w, https:\/\/josemanuelrestrepoied.edu.co\/wp-content\/uploads\/2026\/06\/Invitacion-Foro-Institucional-2026-1-768x1152.jpg 768w, https:\/\/josemanuelrestrepoied.edu.co\/wp-content\/uploads\/2026\/06\/Invitacion-Foro-Institucional-2026-1.jpg 1024w\" sizes=\"auto, (max-width: 683px) 100vw, 683px\" \/><\/figure>\n<\/div>\n\n\n<hr class=\"wp-block-separator has-alpha-channel-opacity\"\/>\n\n\n\n<h2 class=\"wp-block-heading\">Semana del 9 &#8211; 12 de Junio<\/h2>\n\n\n\n<h6 class=\"wp-block-heading\">9 de junio de 2026<\/h6>\n\n\n<div class=\"wp-block-image\">\n<figure class=\"aligncenter size-large\"><img loading=\"lazy\" decoding=\"async\" width=\"683\" height=\"1024\" src=\"https:\/\/josemanuelrestrepoied.edu.co\/wp-content\/uploads\/2026\/06\/actividades-semana-8-12-de-junio-1-683x1024.png\" alt=\"\" class=\"wp-image-585\" srcset=\"https:\/\/josemanuelrestrepoied.edu.co\/wp-content\/uploads\/2026\/06\/actividades-semana-8-12-de-junio-1-683x1024.png 683w, https:\/\/josemanuelrestrepoied.edu.co\/wp-content\/uploads\/2026\/06\/actividades-semana-8-12-de-junio-1-200x300.png 200w, https:\/\/josemanuelrestrepoied.edu.co\/wp-content\/uploads\/2026\/06\/actividades-semana-8-12-de-junio-1-768x1152.png 768w, https:\/\/josemanuelrestrepoied.edu.co\/wp-content\/uploads\/2026\/06\/actividades-semana-8-12-de-junio-1.png 1024w\" sizes=\"auto, (max-width: 683px) 100vw, 683px\" \/><\/figure>\n<\/div>\n\n\n<hr class=\"wp-block-separator has-alpha-channel-opacity\"\/>\n\n\n\n<h2 class=\"wp-block-heading\">SEMANA DEL 1 &#8211; 5 DE JUNIO<\/h2>\n\n\n\n<h6 class=\"wp-block-heading\">1 de junio de 2026<\/h6>\n\n\n<div class=\"wp-block-image\">\n<figure class=\"aligncenter size-large\"><img loading=\"lazy\" decoding=\"async\" width=\"1024\" height=\"683\" src=\"https:\/\/josemanuelrestrepoied.edu.co\/wp-content\/uploads\/2026\/06\/03c6f2a6-4231-4273-99b8-cd9d8438d9d1-1-1024x683.png\" alt=\"\" class=\"wp-image-548\" srcset=\"https:\/\/josemanuelrestrepoied.edu.co\/wp-content\/uploads\/2026\/06\/03c6f2a6-4231-4273-99b8-cd9d8438d9d1-1-1024x683.png 1024w, https:\/\/josemanuelrestrepoied.edu.co\/wp-content\/uploads\/2026\/06\/03c6f2a6-4231-4273-99b8-cd9d8438d9d1-1-300x200.png 300w, https:\/\/josemanuelrestrepoied.edu.co\/wp-content\/uploads\/2026\/06\/03c6f2a6-4231-4273-99b8-cd9d8438d9d1-1-768x512.png 768w, https:\/\/josemanuelrestrepoied.edu.co\/wp-content\/uploads\/2026\/06\/03c6f2a6-4231-4273-99b8-cd9d8438d9d1-1.png 1536w\" sizes=\"auto, (max-width: 1024px) 100vw, 1024px\" \/><\/figure>\n<\/div>\n\n\n<hr class=\"wp-block-separator has-alpha-channel-opacity\"\/>\n\n\n\n<h2 class=\"wp-block-heading\">SENA TALK<\/h2>\n\n\n\n<h6 class=\"wp-block-heading\">25 de mayo de 2026<\/h6>\n\n\n<div class=\"wp-block-image\">\n<figure class=\"aligncenter size-large\"><img loading=\"lazy\" decoding=\"async\" width=\"683\" height=\"1024\" src=\"https:\/\/josemanuelrestrepoied.edu.co\/wp-content\/uploads\/2026\/05\/WhatsApp-Image-2026-05-25-at-9.20.27-AM-1-683x1024.jpeg\" alt=\"\" class=\"wp-image-500\" srcset=\"https:\/\/josemanuelrestrepoied.edu.co\/wp-content\/uploads\/2026\/05\/WhatsApp-Image-2026-05-25-at-9.20.27-AM-1-683x1024.jpeg 683w, https:\/\/josemanuelrestrepoied.edu.co\/wp-content\/uploads\/2026\/05\/WhatsApp-Image-2026-05-25-at-9.20.27-AM-1-200x300.jpeg 200w, https:\/\/josemanuelrestrepoied.edu.co\/wp-content\/uploads\/2026\/05\/WhatsApp-Image-2026-05-25-at-9.20.27-AM-1-768x1152.jpeg 768w, https:\/\/josemanuelrestrepoied.edu.co\/wp-content\/uploads\/2026\/05\/WhatsApp-Image-2026-05-25-at-9.20.27-AM-1.jpeg 1024w\" sizes=\"auto, (max-width: 683px) 100vw, 683px\" \/><\/figure>\n<\/div>\n\n\n<hr class=\"wp-block-separator has-alpha-channel-opacity\"\/>\n\n\n\n<h2 class=\"wp-block-heading has-text-align-center\">ENTREGA DE INFORMES ACAD\u00c9MICOS PRIMER TRIMESTRE<\/h2>\n\n\n\n<h6 class=\"wp-block-heading\">12 de Mayo de 2026<\/h6>\n\n\n<div class=\"wp-block-image\">\n<figure class=\"aligncenter size-large is-resized\"><img loading=\"lazy\" decoding=\"async\" width=\"683\" height=\"1024\" src=\"https:\/\/josemanuelrestrepoied.edu.co\/wp-content\/uploads\/2026\/05\/ChatGPT-Image-May-12-2026-11_33_29-AM-1-683x1024.png\" alt=\"\" class=\"wp-image-472\" style=\"aspect-ratio:0.6670074618894297;width:466px;height:auto\" srcset=\"https:\/\/josemanuelrestrepoied.edu.co\/wp-content\/uploads\/2026\/05\/ChatGPT-Image-May-12-2026-11_33_29-AM-1-683x1024.png 683w, https:\/\/josemanuelrestrepoied.edu.co\/wp-content\/uploads\/2026\/05\/ChatGPT-Image-May-12-2026-11_33_29-AM-1-200x300.png 200w, https:\/\/josemanuelrestrepoied.edu.co\/wp-content\/uploads\/2026\/05\/ChatGPT-Image-May-12-2026-11_33_29-AM-1-768x1151.png 768w, https:\/\/josemanuelrestrepoied.edu.co\/wp-content\/uploads\/2026\/05\/ChatGPT-Image-May-12-2026-11_33_29-AM-1.png 1024w\" sizes=\"auto, (max-width: 683px) 100vw, 683px\" \/><\/figure>\n<\/div>\n\n\n<hr class=\"wp-block-separator has-alpha-channel-opacity\"\/>\n\n\n\n<h2 class=\"wp-block-heading has-text-align-center\">Toma de Fotos Carn\u00e9 Estudiantil<\/h2>\n\n\n\n<h6 class=\"wp-block-heading\">11 de Mayo de 2026<\/h6>\n\n\n<div class=\"wp-block-image\">\n<figure class=\"aligncenter size-large is-resized\"><img decoding=\"async\" src=\"https:\/\/josemanuelrestrepoied.edu.co\/wp-content\/uploads\/2026\/05\/WhatsApp-Image-2026-05-11-at-9.25.19-AM-1-724x1024.jpeg\" alt=\"\" class=\"wp-image-466\" style=\"aspect-ratio:0.7070483573161613;width:455px;height:auto\"\/><\/figure>\n<\/div>\n\n\n<hr class=\"wp-block-separator has-alpha-channel-opacity\"\/>\n\n\n\n<h2 class=\"wp-block-heading has-text-align-center\">D\u00eda del idioma&nbsp;<\/h2>\n\n\n\n<h6 class=\"wp-block-heading\">28 de Abril de 2026<\/h6>\n\n\n\n<p class=\"wp-block-paragraph\">En la Instituci\u00f3n Educativa Jos\u00e9 Manuel Restrepo celebramos con entusiasmo el D\u00eda del Idioma, una fecha especial para reconocer la importancia de nuestra lengua como herramienta fundamental para comunicarnos, expresar ideas, preservar nuestra cultura y fortalecer nuestra identidad. Durante esta jornada, estudiantes y docentes participaron en diversas actividades culturales y acad\u00e9micas que resaltaron la riqueza del espa\u00f1ol y promovieron el amor por la lectura, la escritura y la expresi\u00f3n oral. Esta celebraci\u00f3n fue una oportunidad para valorar nuestro idioma como un puente que une saberes, historias y generaciones, reafirmando el compromiso de nuestra comunidad educativa con el aprendizaje y la formaci\u00f3n integral. <\/p>\n\n\n\n<figure class=\"wp-block-gallery has-nested-images columns-default is-cropped wp-block-gallery-1 is-layout-flex wp-block-gallery-is-layout-flex\">\n<figure class=\"wp-block-image size-large\"><img loading=\"lazy\" decoding=\"async\" width=\"768\" height=\"1024\" data-id=\"421\" src=\"https:\/\/josemanuelrestrepoied.edu.co\/wp-content\/uploads\/2026\/04\/WhatsApp-Image-2026-04-28-at-11.23.39-AM-4-768x1024.jpeg\" alt=\"\" class=\"wp-image-421\" srcset=\"https:\/\/josemanuelrestrepoied.edu.co\/wp-content\/uploads\/2026\/04\/WhatsApp-Image-2026-04-28-at-11.23.39-AM-4-768x1024.jpeg 768w, https:\/\/josemanuelrestrepoied.edu.co\/wp-content\/uploads\/2026\/04\/WhatsApp-Image-2026-04-28-at-11.23.39-AM-4-225x300.jpeg 225w, https:\/\/josemanuelrestrepoied.edu.co\/wp-content\/uploads\/2026\/04\/WhatsApp-Image-2026-04-28-at-11.23.39-AM-4-9x12.jpeg 9w, https:\/\/josemanuelrestrepoied.edu.co\/wp-content\/uploads\/2026\/04\/WhatsApp-Image-2026-04-28-at-11.23.39-AM-4.jpeg 960w\" sizes=\"auto, (max-width: 768px) 100vw, 768px\" \/><\/figure>\n\n\n\n<figure class=\"wp-block-image size-large\"><img loading=\"lazy\" decoding=\"async\" width=\"768\" height=\"1024\" data-id=\"420\" src=\"https:\/\/josemanuelrestrepoied.edu.co\/wp-content\/uploads\/2026\/04\/WhatsApp-Image-2026-04-28-at-11.23.39-AM-3-768x1024.jpeg\" alt=\"\" class=\"wp-image-420\" srcset=\"https:\/\/josemanuelrestrepoied.edu.co\/wp-content\/uploads\/2026\/04\/WhatsApp-Image-2026-04-28-at-11.23.39-AM-3-768x1024.jpeg 768w, https:\/\/josemanuelrestrepoied.edu.co\/wp-content\/uploads\/2026\/04\/WhatsApp-Image-2026-04-28-at-11.23.39-AM-3-225x300.jpeg 225w, https:\/\/josemanuelrestrepoied.edu.co\/wp-content\/uploads\/2026\/04\/WhatsApp-Image-2026-04-28-at-11.23.39-AM-3-9x12.jpeg 9w, https:\/\/josemanuelrestrepoied.edu.co\/wp-content\/uploads\/2026\/04\/WhatsApp-Image-2026-04-28-at-11.23.39-AM-3.jpeg 960w\" sizes=\"auto, (max-width: 768px) 100vw, 768px\" \/><\/figure>\n\n\n\n<figure class=\"wp-block-image size-large\"><img loading=\"lazy\" decoding=\"async\" width=\"768\" height=\"1024\" data-id=\"418\" src=\"https:\/\/josemanuelrestrepoied.edu.co\/wp-content\/uploads\/2026\/04\/WhatsApp-Image-2026-04-28-at-11.23.39-AM-1-768x1024.jpeg\" alt=\"\" class=\"wp-image-418\" srcset=\"https:\/\/josemanuelrestrepoied.edu.co\/wp-content\/uploads\/2026\/04\/WhatsApp-Image-2026-04-28-at-11.23.39-AM-1-768x1024.jpeg 768w, https:\/\/josemanuelrestrepoied.edu.co\/wp-content\/uploads\/2026\/04\/WhatsApp-Image-2026-04-28-at-11.23.39-AM-1-225x300.jpeg 225w, https:\/\/josemanuelrestrepoied.edu.co\/wp-content\/uploads\/2026\/04\/WhatsApp-Image-2026-04-28-at-11.23.39-AM-1-9x12.jpeg 9w, https:\/\/josemanuelrestrepoied.edu.co\/wp-content\/uploads\/2026\/04\/WhatsApp-Image-2026-04-28-at-11.23.39-AM-1.jpeg 960w\" sizes=\"auto, (max-width: 768px) 100vw, 768px\" \/><\/figure>\n\n\n\n<figure class=\"wp-block-image size-large\"><img loading=\"lazy\" decoding=\"async\" width=\"768\" height=\"1024\" data-id=\"417\" src=\"https:\/\/josemanuelrestrepoied.edu.co\/wp-content\/uploads\/2026\/04\/WhatsApp-Image-2026-04-28-at-11.23.39-AM-768x1024.jpeg\" alt=\"\" class=\"wp-image-417\" srcset=\"https:\/\/josemanuelrestrepoied.edu.co\/wp-content\/uploads\/2026\/04\/WhatsApp-Image-2026-04-28-at-11.23.39-AM-768x1024.jpeg 768w, https:\/\/josemanuelrestrepoied.edu.co\/wp-content\/uploads\/2026\/04\/WhatsApp-Image-2026-04-28-at-11.23.39-AM-225x300.jpeg 225w, https:\/\/josemanuelrestrepoied.edu.co\/wp-content\/uploads\/2026\/04\/WhatsApp-Image-2026-04-28-at-11.23.39-AM-9x12.jpeg 9w, https:\/\/josemanuelrestrepoied.edu.co\/wp-content\/uploads\/2026\/04\/WhatsApp-Image-2026-04-28-at-11.23.39-AM.jpeg 960w\" sizes=\"auto, (max-width: 768px) 100vw, 768px\" \/><\/figure>\n\n\n\n<figure class=\"wp-block-image size-large\"><img loading=\"lazy\" decoding=\"async\" width=\"1024\" height=\"768\" data-id=\"416\" src=\"https:\/\/josemanuelrestrepoied.edu.co\/wp-content\/uploads\/2026\/04\/WhatsApp-Image-2026-04-28-at-11.23.38-AM-1-1-1024x768.jpeg\" alt=\"\" class=\"wp-image-416\" srcset=\"https:\/\/josemanuelrestrepoied.edu.co\/wp-content\/uploads\/2026\/04\/WhatsApp-Image-2026-04-28-at-11.23.38-AM-1-1-1024x768.jpeg 1024w, https:\/\/josemanuelrestrepoied.edu.co\/wp-content\/uploads\/2026\/04\/WhatsApp-Image-2026-04-28-at-11.23.38-AM-1-1-300x225.jpeg 300w, https:\/\/josemanuelrestrepoied.edu.co\/wp-content\/uploads\/2026\/04\/WhatsApp-Image-2026-04-28-at-11.23.38-AM-1-1-768x576.jpeg 768w, https:\/\/josemanuelrestrepoied.edu.co\/wp-content\/uploads\/2026\/04\/WhatsApp-Image-2026-04-28-at-11.23.38-AM-1-1-16x12.jpeg 16w, https:\/\/josemanuelrestrepoied.edu.co\/wp-content\/uploads\/2026\/04\/WhatsApp-Image-2026-04-28-at-11.23.38-AM-1-1.jpeg 1280w\" sizes=\"auto, (max-width: 1024px) 100vw, 1024px\" \/><\/figure>\n\n\n\n<figure class=\"wp-block-image size-large\"><img loading=\"lazy\" decoding=\"async\" width=\"1024\" height=\"768\" data-id=\"415\" src=\"https:\/\/josemanuelrestrepoied.edu.co\/wp-content\/uploads\/2026\/04\/WhatsApp-Image-2026-04-28-at-11.23.38-AM-1-1024x768.jpeg\" alt=\"\" class=\"wp-image-415\" srcset=\"https:\/\/josemanuelrestrepoied.edu.co\/wp-content\/uploads\/2026\/04\/WhatsApp-Image-2026-04-28-at-11.23.38-AM-1-1024x768.jpeg 1024w, https:\/\/josemanuelrestrepoied.edu.co\/wp-content\/uploads\/2026\/04\/WhatsApp-Image-2026-04-28-at-11.23.38-AM-1-300x225.jpeg 300w, https:\/\/josemanuelrestrepoied.edu.co\/wp-content\/uploads\/2026\/04\/WhatsApp-Image-2026-04-28-at-11.23.38-AM-1-768x576.jpeg 768w, https:\/\/josemanuelrestrepoied.edu.co\/wp-content\/uploads\/2026\/04\/WhatsApp-Image-2026-04-28-at-11.23.38-AM-1-16x12.jpeg 16w, https:\/\/josemanuelrestrepoied.edu.co\/wp-content\/uploads\/2026\/04\/WhatsApp-Image-2026-04-28-at-11.23.38-AM-1.jpeg 1280w\" sizes=\"auto, (max-width: 1024px) 100vw, 1024px\" \/><\/figure>\n<\/figure>\n\n\n\n<hr class=\"wp-block-separator has-alpha-channel-opacity\"\/>\n\n\n\n<h2 class=\"wp-block-heading has-text-align-center\">Conmemoraci\u00f3n d\u00eda nacional de la memoria y solidaridad con las v\u00edctimas del conflicto armado<\/h2>\n\n\n\n<h6 class=\"wp-block-heading\"><strong>10 de Abril de 2026<\/strong><\/h6>\n\n\n\n<p class=\"wp-block-paragraph\">El pasado 9 de abril, el colegio Jos\u00e9 Manuel Restrepo conmemor\u00f3 el D\u00eda nacional de la memoria y solidaridad con las v\u00edctimas del conflicto armado. Estudiantes de diferentes cursos participaron en ejercicios pedag\u00f3gicos de reflexi\u00f3n, creaci\u00f3n y presentaci\u00f3n de manifestaciones emp\u00e1ticas respecto a la memoria como un derecho y un deber que toda sociedad requiere para comprender su pasado y resignificar su presente.<\/p>\n\n\n\n<figure class=\"wp-block-gallery has-nested-images columns-default is-cropped wp-block-gallery-2 is-layout-flex wp-block-gallery-is-layout-flex\">\n<figure class=\"wp-block-image size-large\"><img loading=\"lazy\" decoding=\"async\" width=\"461\" height=\"1024\" data-id=\"344\" src=\"https:\/\/josemanuelrestrepoied.edu.co\/wp-content\/uploads\/2026\/04\/IMG_20260407_140309_891-461x1024.jpg\" alt=\"\" class=\"wp-image-344\" srcset=\"https:\/\/josemanuelrestrepoied.edu.co\/wp-content\/uploads\/2026\/04\/IMG_20260407_140309_891-461x1024.jpg 461w, https:\/\/josemanuelrestrepoied.edu.co\/wp-content\/uploads\/2026\/04\/IMG_20260407_140309_891-135x300.jpg 135w, https:\/\/josemanuelrestrepoied.edu.co\/wp-content\/uploads\/2026\/04\/IMG_20260407_140309_891-768x1707.jpg 768w, https:\/\/josemanuelrestrepoied.edu.co\/wp-content\/uploads\/2026\/04\/IMG_20260407_140309_891-691x1536.jpg 691w, https:\/\/josemanuelrestrepoied.edu.co\/wp-content\/uploads\/2026\/04\/IMG_20260407_140309_891-922x2048.jpg 922w, https:\/\/josemanuelrestrepoied.edu.co\/wp-content\/uploads\/2026\/04\/IMG_20260407_140309_891-5x12.jpg 5w, https:\/\/josemanuelrestrepoied.edu.co\/wp-content\/uploads\/2026\/04\/IMG_20260407_140309_891-scaled.jpg 1152w\" sizes=\"auto, (max-width: 461px) 100vw, 461px\" \/><figcaption class=\"wp-element-caption\">0-1728&#215;3840-1-0#<\/figcaption><\/figure>\n\n\n\n<figure class=\"wp-block-image size-large\"><img loading=\"lazy\" decoding=\"async\" width=\"461\" height=\"1024\" data-id=\"343\" src=\"https:\/\/josemanuelrestrepoied.edu.co\/wp-content\/uploads\/2026\/04\/IMG_20260406_150254_225-461x1024.jpg\" alt=\"\" class=\"wp-image-343\" srcset=\"https:\/\/josemanuelrestrepoied.edu.co\/wp-content\/uploads\/2026\/04\/IMG_20260406_150254_225-461x1024.jpg 461w, https:\/\/josemanuelrestrepoied.edu.co\/wp-content\/uploads\/2026\/04\/IMG_20260406_150254_225-135x300.jpg 135w, https:\/\/josemanuelrestrepoied.edu.co\/wp-content\/uploads\/2026\/04\/IMG_20260406_150254_225-768x1707.jpg 768w, https:\/\/josemanuelrestrepoied.edu.co\/wp-content\/uploads\/2026\/04\/IMG_20260406_150254_225-691x1536.jpg 691w, https:\/\/josemanuelrestrepoied.edu.co\/wp-content\/uploads\/2026\/04\/IMG_20260406_150254_225-922x2048.jpg 922w, https:\/\/josemanuelrestrepoied.edu.co\/wp-content\/uploads\/2026\/04\/IMG_20260406_150254_225-5x12.jpg 5w, https:\/\/josemanuelrestrepoied.edu.co\/wp-content\/uploads\/2026\/04\/IMG_20260406_150254_225-scaled.jpg 1152w\" sizes=\"auto, (max-width: 461px) 100vw, 461px\" \/><figcaption class=\"wp-element-caption\">0-1728&#215;3840-1-0#<\/figcaption><\/figure>\n\n\n\n<figure class=\"wp-block-image size-large\"><img loading=\"lazy\" decoding=\"async\" width=\"1024\" height=\"461\" data-id=\"319\" src=\"https:\/\/josemanuelrestrepoied.edu.co\/wp-content\/uploads\/2026\/04\/IMG_20260407_100842_994-1024x461.jpg\" alt=\"\" class=\"wp-image-319\" srcset=\"https:\/\/josemanuelrestrepoied.edu.co\/wp-content\/uploads\/2026\/04\/IMG_20260407_100842_994-1024x461.jpg 1024w, https:\/\/josemanuelrestrepoied.edu.co\/wp-content\/uploads\/2026\/04\/IMG_20260407_100842_994-300x135.jpg 300w, https:\/\/josemanuelrestrepoied.edu.co\/wp-content\/uploads\/2026\/04\/IMG_20260407_100842_994-768x346.jpg 768w, https:\/\/josemanuelrestrepoied.edu.co\/wp-content\/uploads\/2026\/04\/IMG_20260407_100842_994-1536x691.jpg 1536w, https:\/\/josemanuelrestrepoied.edu.co\/wp-content\/uploads\/2026\/04\/IMG_20260407_100842_994-2048x922.jpg 2048w, https:\/\/josemanuelrestrepoied.edu.co\/wp-content\/uploads\/2026\/04\/IMG_20260407_100842_994-18x8.jpg 18w\" sizes=\"auto, (max-width: 1024px) 100vw, 1024px\" \/><figcaption class=\"wp-element-caption\">0-3840&#215;1728-1-0#<\/figcaption><\/figure>\n<\/figure>\n\n\n\n<p class=\"wp-block-paragraph\">Para este a\u00f1o, la edici\u00f3n conmemorativa estuvo acompa\u00f1ada de actos teatrales, exposiciones pl\u00e1sticas y producciones escriturales de prensa estudiantil, a las que se vincularon ni\u00f1as, ni\u00f1os y adolescentes del colegio. Una vez m\u00e1s, el sentido pedag\u00f3gico de esta actividad apunta a la sensibilizaci\u00f3n de la comunidad restrepista respecto las secuelas del conflicto armado en la poblaci\u00f3n colombiana, la solidaridad con quienes han padecido la guerra y la necesidad de construir la paz desde la cotidianidad.<\/p>\n\n\n\n<h2 class=\"wp-block-heading\"><\/h2>\n\n\n\n<hr class=\"wp-block-separator has-alpha-channel-opacity\"\/>","protected":false},"excerpt":{"rendered":"<p>FAMILIAS QUE SE CUIDAN, ESTUDIANTES QUE SE PROTEGEN 31 de agosto de 2026 UNIDOS POR QUIENES M\u00c1S LO NECESITA 11 de agosto de 2026 \u00a1Atenci\u00f3n comunidad educativa! 3 de agosto de 2026 MATR\u00cdCULAS ABIERTAS 10 de julio de 2026 Felices&hellip;<\/p>","protected":false},"author":3,"featured_media":0,"parent":0,"menu_order":0,"comment_status":"closed","ping_status":"closed","template":"","meta":{"footnotes":""},"class_list":["post-306","page","type-page","status-publish","hentry"],"jetpack_sharing_enabled":true,"_links":{"self":[{"href":"https:\/\/josemanuelrestrepoied.edu.co\/en\/wp-json\/wp\/v2\/pages\/306","targetHints":{"allow":["GET"]}}],"collection":[{"href":"https:\/\/josemanuelrestrepoied.edu.co\/en\/wp-json\/wp\/v2\/pages"}],"about":[{"href":"https:\/\/josemanuelrestrepoied.edu.co\/en\/wp-json\/wp\/v2\/types\/page"}],"author":[{"embeddable":true,"href":"https:\/\/josemanuelrestrepoied.edu.co\/en\/wp-json\/wp\/v2\/users\/3"}],"replies":[{"embeddable":true,"href":"https:\/\/josemanuelrestrepoied.edu.co\/en\/wp-json\/wp\/v2\/comments?post=306"}],"version-history":[{"count":18,"href":"https:\/\/josemanuelrestrepoied.edu.co\/en\/wp-json\/wp\/v2\/pages\/306\/revisions"}],"predecessor-version":[{"id":755,"href":"https:\/\/josemanuelrestrepoied.edu.co\/en\/wp-json\/wp\/v2\/pages\/306\/revisions\/755"}],"wp:attachment":[{"href":"https:\/\/josemanuelrestrepoied.edu.co\/en\/wp-json\/wp\/v2\/media?parent=306"}],"curies":[{"name":"wp","href":"https:\/\/api.w.org\/{rel}","templated":true}]}}