{"id":328,"date":"2026-04-13T13:50:12","date_gmt":"2026-04-13T13:50:12","guid":{"rendered":"https:\/\/josemanuelrestrepoied.edu.co\/?page_id=328"},"modified":"2026-06-04T18:10:44","modified_gmt":"2026-06-04T18:10:44","slug":"polifonias-de-la-memoria","status":"publish","type":"page","link":"https:\/\/josemanuelrestrepoied.edu.co\/en\/polifonias-de-la-memoria\/","title":{"rendered":"Polifon\u00edas de la memoria"},"content":{"rendered":"<hr class=\"wp-block-separator has-alpha-channel-opacity\"\/>\n\n\n\n<div class=\"wp-block-buttons is-layout-flex wp-block-buttons-is-layout-flex\">\n<div class=\"wp-block-button\" id=\"https:\/\/josemanuelrestrepoied.edu.co\/\"><a class=\"wp-block-button__link wp-element-button\" href=\"https:\/\/josemanuelrestrepoied.edu.co\/en\/que-es-polifonia-de-las-memorias\/\" rel=\"https:\/\/josemanuelrestrepoied.edu.co\/\">\u00bfQu\u00e9 es Polifon\u00eda de las memorias?<\/a><\/div>\n\n\n\n<div class=\"wp-block-button\"><a class=\"wp-block-button__link wp-element-button\" href=\"https:\/\/josemanuelrestrepoied.edu.co\/en\/cuales-son-sus-objetivos\/\">\u00bfCu\u00e1les son sus objetivos?<\/a><\/div>\n\n\n\n<div class=\"wp-block-button\"><a class=\"wp-block-button__link wp-element-button\" href=\"https:\/\/josemanuelrestrepoied.edu.co\/en\/cuales-son-los-espacios-de-accion-pedagogica\/\">Espacios de acci\u00f3n pedag\u00f3gica<\/a><\/div>\n<\/div>\n\n\n\n<hr class=\"wp-block-separator has-alpha-channel-opacity\"\/>\n\n\n\n<h2 class=\"wp-block-heading\">Conmemoraci\u00f3n y Homenaje a las Madres Buscadoras <\/h2>\n\n\n\n<p class=\"wp-block-paragraph\">4 de junio de 2026<\/p>\n\n\n\n<p class=\"has-text-align-left wp-block-paragraph\">El pasado 28 de mayo 2026 nuestro colegio tuvo la oportunidad de recibir y hospedar la galer\u00eda de la memoria de ASFADES -Asociaci\u00f3n de Familiares de Desaparecidos- conformada por treinta retablos con rostros de personas desaparecidas, y de organizar junto con estudiantes del\u00a0<strong>Proyecto de Polifon\u00eda de las memorias<\/strong>\u00a0un espacio de conversaci\u00f3n y reflexi\u00f3n con tres mujeres buscadoras pertenecientes a dos de las organizaciones m\u00e1s reconocidas en temas de b\u00fasqueda que desaparecidos: ASFADES y AUSENTES.<\/p>\n\n\n<div class=\"wp-block-image\">\n<figure class=\"aligncenter size-large is-resized\"><img loading=\"lazy\" decoding=\"async\" width=\"820\" height=\"1024\" src=\"https:\/\/josemanuelrestrepoied.edu.co\/wp-content\/uploads\/2026\/06\/Imagen-invitacion-28-mayo-1-820x1024.png\" alt=\"\" class=\"wp-image-566\" style=\"aspect-ratio:0.8007934691386283;width:357px;height:auto\" srcset=\"https:\/\/josemanuelrestrepoied.edu.co\/wp-content\/uploads\/2026\/06\/Imagen-invitacion-28-mayo-1-820x1024.png 820w, https:\/\/josemanuelrestrepoied.edu.co\/wp-content\/uploads\/2026\/06\/Imagen-invitacion-28-mayo-1-240x300.png 240w, https:\/\/josemanuelrestrepoied.edu.co\/wp-content\/uploads\/2026\/06\/Imagen-invitacion-28-mayo-1-768x959.png 768w, https:\/\/josemanuelrestrepoied.edu.co\/wp-content\/uploads\/2026\/06\/Imagen-invitacion-28-mayo-1.png 1024w\" sizes=\"auto, (max-width: 820px) 100vw, 820px\" \/><\/figure>\n<\/div>\n\n\n<p class=\"wp-block-paragraph\">Seg\u00fan datos otorgados por la Comisi\u00f3n de la Verdad, en Colombia se registran m\u00e1s de 121.768 personas que fueron desaparecidas forzosamente en Colombia en el marco del conflicto armado. En tal sentido, desde el JMR promovemos acciones pedag\u00f3gicas con ni\u00f1os, ni\u00f1as y adolescentes que coloquen en un lugar protag\u00f3nico la memoria, la verdad y la justicia como derechos y deberes ciudadanos para la reparaci\u00f3n y no repetici\u00f3n.<\/p>\n\n\n\n<figure class=\"wp-block-gallery has-nested-images columns-default is-cropped wp-block-gallery-1 is-layout-flex wp-block-gallery-is-layout-flex\">\n<figure class=\"wp-block-image size-large\"><img loading=\"lazy\" decoding=\"async\" width=\"1024\" height=\"461\" data-id=\"567\" src=\"https:\/\/josemanuelrestrepoied.edu.co\/wp-content\/uploads\/2026\/06\/WhatsApp-Image-2026-06-02-at-2.24.57-PM-1024x461.jpeg\" alt=\"\" class=\"wp-image-567\" srcset=\"https:\/\/josemanuelrestrepoied.edu.co\/wp-content\/uploads\/2026\/06\/WhatsApp-Image-2026-06-02-at-2.24.57-PM-1024x461.jpeg 1024w, https:\/\/josemanuelrestrepoied.edu.co\/wp-content\/uploads\/2026\/06\/WhatsApp-Image-2026-06-02-at-2.24.57-PM-300x135.jpeg 300w, https:\/\/josemanuelrestrepoied.edu.co\/wp-content\/uploads\/2026\/06\/WhatsApp-Image-2026-06-02-at-2.24.57-PM-768x346.jpeg 768w, https:\/\/josemanuelrestrepoied.edu.co\/wp-content\/uploads\/2026\/06\/WhatsApp-Image-2026-06-02-at-2.24.57-PM-1536x692.jpeg 1536w, https:\/\/josemanuelrestrepoied.edu.co\/wp-content\/uploads\/2026\/06\/WhatsApp-Image-2026-06-02-at-2.24.57-PM.jpeg 1599w\" sizes=\"auto, (max-width: 1024px) 100vw, 1024px\" \/><\/figure>\n\n\n\n<figure class=\"wp-block-image size-large\"><img loading=\"lazy\" decoding=\"async\" width=\"1024\" height=\"461\" data-id=\"570\" src=\"https:\/\/josemanuelrestrepoied.edu.co\/wp-content\/uploads\/2026\/06\/WhatsApp-Image-2026-06-02-at-2.24.56-PM-1024x461.jpeg\" alt=\"\" class=\"wp-image-570\" srcset=\"https:\/\/josemanuelrestrepoied.edu.co\/wp-content\/uploads\/2026\/06\/WhatsApp-Image-2026-06-02-at-2.24.56-PM-1024x461.jpeg 1024w, https:\/\/josemanuelrestrepoied.edu.co\/wp-content\/uploads\/2026\/06\/WhatsApp-Image-2026-06-02-at-2.24.56-PM-300x135.jpeg 300w, https:\/\/josemanuelrestrepoied.edu.co\/wp-content\/uploads\/2026\/06\/WhatsApp-Image-2026-06-02-at-2.24.56-PM-768x346.jpeg 768w, https:\/\/josemanuelrestrepoied.edu.co\/wp-content\/uploads\/2026\/06\/WhatsApp-Image-2026-06-02-at-2.24.56-PM-1536x692.jpeg 1536w, https:\/\/josemanuelrestrepoied.edu.co\/wp-content\/uploads\/2026\/06\/WhatsApp-Image-2026-06-02-at-2.24.56-PM.jpeg 1599w\" sizes=\"auto, (max-width: 1024px) 100vw, 1024px\" \/><\/figure>\n\n\n\n<figure class=\"wp-block-image size-large\"><img loading=\"lazy\" decoding=\"async\" width=\"461\" height=\"1024\" data-id=\"568\" src=\"https:\/\/josemanuelrestrepoied.edu.co\/wp-content\/uploads\/2026\/06\/WhatsApp-Image-2026-06-02-at-2.24.56-PM-1-461x1024.jpeg\" alt=\"\" class=\"wp-image-568\" srcset=\"https:\/\/josemanuelrestrepoied.edu.co\/wp-content\/uploads\/2026\/06\/WhatsApp-Image-2026-06-02-at-2.24.56-PM-1-461x1024.jpeg 461w, https:\/\/josemanuelrestrepoied.edu.co\/wp-content\/uploads\/2026\/06\/WhatsApp-Image-2026-06-02-at-2.24.56-PM-1-135x300.jpeg 135w, https:\/\/josemanuelrestrepoied.edu.co\/wp-content\/uploads\/2026\/06\/WhatsApp-Image-2026-06-02-at-2.24.56-PM-1-692x1536.jpeg 692w, https:\/\/josemanuelrestrepoied.edu.co\/wp-content\/uploads\/2026\/06\/WhatsApp-Image-2026-06-02-at-2.24.56-PM-1.jpeg 720w\" sizes=\"auto, (max-width: 461px) 100vw, 461px\" \/><\/figure>\n\n\n\n<figure class=\"wp-block-image size-large\"><img loading=\"lazy\" decoding=\"async\" width=\"1024\" height=\"577\" data-id=\"571\" src=\"https:\/\/josemanuelrestrepoied.edu.co\/wp-content\/uploads\/2026\/06\/WhatsApp-Image-2026-06-02-at-2.24.12-PM-1024x577.jpeg\" alt=\"\" class=\"wp-image-571\" srcset=\"https:\/\/josemanuelrestrepoied.edu.co\/wp-content\/uploads\/2026\/06\/WhatsApp-Image-2026-06-02-at-2.24.12-PM-1024x577.jpeg 1024w, https:\/\/josemanuelrestrepoied.edu.co\/wp-content\/uploads\/2026\/06\/WhatsApp-Image-2026-06-02-at-2.24.12-PM-300x169.jpeg 300w, https:\/\/josemanuelrestrepoied.edu.co\/wp-content\/uploads\/2026\/06\/WhatsApp-Image-2026-06-02-at-2.24.12-PM-768x432.jpeg 768w, https:\/\/josemanuelrestrepoied.edu.co\/wp-content\/uploads\/2026\/06\/WhatsApp-Image-2026-06-02-at-2.24.12-PM.jpeg 1428w\" sizes=\"auto, (max-width: 1024px) 100vw, 1024px\" \/><\/figure>\n\n\n\n<figure class=\"wp-block-image size-large\"><img loading=\"lazy\" decoding=\"async\" width=\"1024\" height=\"461\" data-id=\"569\" src=\"https:\/\/josemanuelrestrepoied.edu.co\/wp-content\/uploads\/2026\/06\/WhatsApp-Image-2026-06-02-at-2.17.25-PM-1024x461.jpeg\" alt=\"\" class=\"wp-image-569\" srcset=\"https:\/\/josemanuelrestrepoied.edu.co\/wp-content\/uploads\/2026\/06\/WhatsApp-Image-2026-06-02-at-2.17.25-PM-1024x461.jpeg 1024w, https:\/\/josemanuelrestrepoied.edu.co\/wp-content\/uploads\/2026\/06\/WhatsApp-Image-2026-06-02-at-2.17.25-PM-300x135.jpeg 300w, https:\/\/josemanuelrestrepoied.edu.co\/wp-content\/uploads\/2026\/06\/WhatsApp-Image-2026-06-02-at-2.17.25-PM-768x346.jpeg 768w, https:\/\/josemanuelrestrepoied.edu.co\/wp-content\/uploads\/2026\/06\/WhatsApp-Image-2026-06-02-at-2.17.25-PM-1536x692.jpeg 1536w, https:\/\/josemanuelrestrepoied.edu.co\/wp-content\/uploads\/2026\/06\/WhatsApp-Image-2026-06-02-at-2.17.25-PM.jpeg 1599w\" sizes=\"auto, (max-width: 1024px) 100vw, 1024px\" \/><\/figure>\n<\/figure>\n\n\n\n<hr class=\"wp-block-separator has-alpha-channel-opacity\"\/>\n\n\n\n<h2 class=\"wp-block-heading\">Carta de una estudiante\u00a0a una madre buscadora, autora: Mariana Guzm\u00e1n 901<\/h2>\n\n\n\n <iframe loading=\"lazy\" class=\"scribd_iframe_embed\" title=\"Carta Buscadoras Mariana Guzman\" src=\"https:\/\/www.scribd.com\/embeds\/1046995611\/content?start_page=1&#038;view_mode=scroll&#038;access_key=key-lDupTEliLdS86Nqbk8ID\" tabindex=\"0\" data-auto-height=\"true\" data-aspect-ratio=\"0.7066666666666667\" scrolling=\"no\" width=\"100%\" height=\"600\" frameborder=\"0\" ><\/iframe> <p style=\"margin: 12px auto 6px auto; font-family: Helvetica,Arial,Sans-serif; font-size: 14px; line-height: normal; display: block;\"> <a title=\"View Carta Buscadoras Mariana Guzman on Scribd\" href=\"https:\/\/www.scribd.com\/document\/1046995611\/Carta-Buscadoras-Mariana-Guzman#from_embed\" style=\"color: #098642; text-decoration: underline;\"> Carta Buscadoras Mariana Guzman <\/a> by <a title=\"View andres.acosta977's profile on Scribd\" href=\"https:\/\/www.scribd.com\/user\/961121828\/andres-acosta977#from_embed\" style=\"color: #098642; text-decoration: underline;\" > andres.acosta977 <\/a> <\/p> \n\n\n\n<hr class=\"wp-block-separator has-alpha-channel-opacity\"\/>\n\n\n\n<h2 class=\"wp-block-heading\">Edici\u00f3n especial del peri\u00f3dico del colegio &#8220;Chisme Acad\u00e9mico&#8221;<\/h2>\n\n\n\n<h6 class=\"wp-block-heading\"><strong>14 de abril de 2026<\/strong><\/h6>\n\n\n\n<p class=\"wp-block-paragraph\">Con motivo de la conmemoraci\u00f3n del 9 de abril, el proyecto Polifon\u00eda de las memorias realiz\u00f3 una edici\u00f3n especial del peri\u00f3dico del colegio &#8220;Chisme Acad\u00e9mico&#8221;, la cual comparto en este correo, con el \u00e1nimo de solicitarles amablemente el favor de publicarla en las redes del colegio, donde la comunidad pueda acceder y consultarlo.<br><\/p>\n\n\n\n<iframe loading=\"lazy\" class=\"scribd_iframe_embed\" title=\"Periodico Jmr 9 de Abril 2026\" src=\"https:\/\/www.scribd.com\/embeds\/1026339271\/content?start_page=1&#038;view_mode=scroll&#038;access_key=key-vYAi9ajTn32I2U5gZ3RN\" tabindex=\"0\" data-auto-height=\"true\" data-aspect-ratio=\"0.7735849056603774\" scrolling=\"no\" width=\"100%\" height=\"600\" frameborder=\"0\" ><\/iframe> <p style=\"margin: 12px auto 6px auto; font-family: Helvetica,Arial,Sans-serif; font-size: 14px; line-height: normal; display: block;\"> <a title=\"View Periodico Jmr 9 de Abril 2026 on Scribd\" href=\"https:\/\/www.scribd.com\/document\/1026339271\/Periodico-Jmr-9-de-Abril-2026#from_embed\" style=\"color: #098642; text-decoration: underline;\"> Periodico Jmr 9 de Abril 2026 <\/a> by <a title=\"View andres.acosta977's profile on Scribd\" href=\"https:\/\/www.scribd.com\/user\/961121828\/andres-acosta977#from_embed\" style=\"color: #098642; text-decoration: underline;\" > andres.acosta977 <\/a> <\/p>\n\n\n\n<hr class=\"wp-block-separator has-alpha-channel-opacity\"\/>\n\n\n\n<h2 class=\"wp-block-heading\">Conmemoraci\u00f3n d\u00eda nacional de la memoria y solidaridad con las v\u00edctimas del conflicto armado<\/h2>\n\n\n\n<h6 class=\"wp-block-heading\">10 de Abril de 2026<\/h6>\n\n\n\n<p class=\"wp-block-paragraph\">El pasado 9 de abril, el colegio Jos\u00e9 Manuel Restrepo conmemor\u00f3 el D\u00eda nacional de la memoria y solidaridad con las v\u00edctimas del conflicto armado. Estudiantes de diferentes cursos participaron en ejercicios pedag\u00f3gicos de reflexi\u00f3n, creaci\u00f3n y presentaci\u00f3n de manifestaciones emp\u00e1ticas respecto a la memoria como un derecho y un deber que toda sociedad requiere para comprender su pasado y resignificar su presente.<\/p>\n\n\n\n<div class=\"wp-block-group\"><div class=\"wp-block-group__inner-container is-layout-constrained wp-block-group-is-layout-constrained\">\n<div class=\"wp-block-columns are-vertically-aligned-center is-layout-flex wp-container-core-columns-is-layout-8f761849 wp-block-columns-is-layout-flex\">\n<div class=\"wp-block-column is-vertically-aligned-center is-layout-flow wp-block-column-is-layout-flow\" style=\"flex-basis:100%\">\n<figure class=\"wp-block-gallery has-nested-images columns-default is-cropped wp-block-gallery-2 is-layout-flex wp-block-gallery-is-layout-flex\">\n<figure class=\"wp-block-image size-large is-style-rounded\"><img loading=\"lazy\" decoding=\"async\" width=\"1024\" height=\"461\" data-id=\"319\" src=\"https:\/\/josemanuelrestrepoied.edu.co\/wp-content\/uploads\/2026\/04\/IMG_20260407_100842_994-1024x461.jpg\" alt=\"\" class=\"wp-image-319\" srcset=\"https:\/\/josemanuelrestrepoied.edu.co\/wp-content\/uploads\/2026\/04\/IMG_20260407_100842_994-1024x461.jpg 1024w, https:\/\/josemanuelrestrepoied.edu.co\/wp-content\/uploads\/2026\/04\/IMG_20260407_100842_994-300x135.jpg 300w, https:\/\/josemanuelrestrepoied.edu.co\/wp-content\/uploads\/2026\/04\/IMG_20260407_100842_994-768x346.jpg 768w, https:\/\/josemanuelrestrepoied.edu.co\/wp-content\/uploads\/2026\/04\/IMG_20260407_100842_994-1536x691.jpg 1536w, https:\/\/josemanuelrestrepoied.edu.co\/wp-content\/uploads\/2026\/04\/IMG_20260407_100842_994-2048x922.jpg 2048w, https:\/\/josemanuelrestrepoied.edu.co\/wp-content\/uploads\/2026\/04\/IMG_20260407_100842_994-18x8.jpg 18w\" sizes=\"auto, (max-width: 1024px) 100vw, 1024px\" \/><\/figure>\n\n\n\n<figure class=\"wp-block-image size-large\"><img loading=\"lazy\" decoding=\"async\" width=\"461\" height=\"1024\" data-id=\"343\" src=\"https:\/\/josemanuelrestrepoied.edu.co\/wp-content\/uploads\/2026\/04\/IMG_20260406_150254_225-461x1024.jpg\" alt=\"\" class=\"wp-image-343\" srcset=\"https:\/\/josemanuelrestrepoied.edu.co\/wp-content\/uploads\/2026\/04\/IMG_20260406_150254_225-461x1024.jpg 461w, https:\/\/josemanuelrestrepoied.edu.co\/wp-content\/uploads\/2026\/04\/IMG_20260406_150254_225-135x300.jpg 135w, https:\/\/josemanuelrestrepoied.edu.co\/wp-content\/uploads\/2026\/04\/IMG_20260406_150254_225-768x1707.jpg 768w, https:\/\/josemanuelrestrepoied.edu.co\/wp-content\/uploads\/2026\/04\/IMG_20260406_150254_225-691x1536.jpg 691w, https:\/\/josemanuelrestrepoied.edu.co\/wp-content\/uploads\/2026\/04\/IMG_20260406_150254_225-922x2048.jpg 922w, https:\/\/josemanuelrestrepoied.edu.co\/wp-content\/uploads\/2026\/04\/IMG_20260406_150254_225-5x12.jpg 5w, https:\/\/josemanuelrestrepoied.edu.co\/wp-content\/uploads\/2026\/04\/IMG_20260406_150254_225-scaled.jpg 1152w\" sizes=\"auto, (max-width: 461px) 100vw, 461px\" \/><figcaption class=\"wp-element-caption\">0-1728&#215;3840-1-0#<\/figcaption><\/figure>\n\n\n\n<figure class=\"wp-block-image size-large\"><img loading=\"lazy\" decoding=\"async\" width=\"461\" height=\"1024\" data-id=\"344\" src=\"https:\/\/josemanuelrestrepoied.edu.co\/wp-content\/uploads\/2026\/04\/IMG_20260407_140309_891-461x1024.jpg\" alt=\"\" class=\"wp-image-344\" srcset=\"https:\/\/josemanuelrestrepoied.edu.co\/wp-content\/uploads\/2026\/04\/IMG_20260407_140309_891-461x1024.jpg 461w, https:\/\/josemanuelrestrepoied.edu.co\/wp-content\/uploads\/2026\/04\/IMG_20260407_140309_891-135x300.jpg 135w, https:\/\/josemanuelrestrepoied.edu.co\/wp-content\/uploads\/2026\/04\/IMG_20260407_140309_891-768x1707.jpg 768w, https:\/\/josemanuelrestrepoied.edu.co\/wp-content\/uploads\/2026\/04\/IMG_20260407_140309_891-691x1536.jpg 691w, https:\/\/josemanuelrestrepoied.edu.co\/wp-content\/uploads\/2026\/04\/IMG_20260407_140309_891-922x2048.jpg 922w, https:\/\/josemanuelrestrepoied.edu.co\/wp-content\/uploads\/2026\/04\/IMG_20260407_140309_891-5x12.jpg 5w, https:\/\/josemanuelrestrepoied.edu.co\/wp-content\/uploads\/2026\/04\/IMG_20260407_140309_891-scaled.jpg 1152w\" sizes=\"auto, (max-width: 461px) 100vw, 461px\" \/><figcaption class=\"wp-element-caption\">0-1728&#215;3840-1-0#<\/figcaption><\/figure>\n\n\n\n<figure class=\"wp-block-image size-large\"><img loading=\"lazy\" decoding=\"async\" width=\"1024\" height=\"461\" data-id=\"345\" src=\"https:\/\/josemanuelrestrepoied.edu.co\/wp-content\/uploads\/2026\/04\/IMG_20260409_115524_945-1024x461.jpg\" alt=\"\" class=\"wp-image-345\" srcset=\"https:\/\/josemanuelrestrepoied.edu.co\/wp-content\/uploads\/2026\/04\/IMG_20260409_115524_945-1024x461.jpg 1024w, https:\/\/josemanuelrestrepoied.edu.co\/wp-content\/uploads\/2026\/04\/IMG_20260409_115524_945-300x135.jpg 300w, https:\/\/josemanuelrestrepoied.edu.co\/wp-content\/uploads\/2026\/04\/IMG_20260409_115524_945-768x346.jpg 768w, https:\/\/josemanuelrestrepoied.edu.co\/wp-content\/uploads\/2026\/04\/IMG_20260409_115524_945-1536x691.jpg 1536w, https:\/\/josemanuelrestrepoied.edu.co\/wp-content\/uploads\/2026\/04\/IMG_20260409_115524_945-2048x922.jpg 2048w, https:\/\/josemanuelrestrepoied.edu.co\/wp-content\/uploads\/2026\/04\/IMG_20260409_115524_945-18x8.jpg 18w\" sizes=\"auto, (max-width: 1024px) 100vw, 1024px\" \/><figcaption class=\"wp-element-caption\">0-3840&#215;1728-1-0#<\/figcaption><\/figure>\n<\/figure>\n<\/div>\n<\/div>\n<\/div><\/div>\n\n\n\n<p class=\"wp-block-paragraph\">Para este a\u00f1o, la edici\u00f3n conmemorativa estuvo acompa\u00f1ada de actos teatrales, exposiciones pl\u00e1sticas y producciones escriturales de prensa estudiantil, a las que se vincularon ni\u00f1as, ni\u00f1os y adolescentes del colegio. Una vez m\u00e1s, el sentido pedag\u00f3gico de esta actividad apunta a la sensibilizaci\u00f3n de la comunidad restrepista respecto las secuelas del conflicto armado en la poblaci\u00f3n colombiana, la solidaridad con quienes han padecido la guerra y la necesidad de construir la paz desde la cotidianidad.<\/p>","protected":false},"excerpt":{"rendered":"<p>Conmemoraci\u00f3n y Homenaje a las Madres Buscadoras 4 de junio de 2026 El pasado 28 de mayo 2026 nuestro colegio tuvo la oportunidad de recibir y hospedar la galer\u00eda de la memoria de ASFADES -Asociaci\u00f3n de Familiares de Desaparecidos- conformada&hellip;<\/p>","protected":false},"author":2,"featured_media":0,"parent":0,"menu_order":0,"comment_status":"closed","ping_status":"closed","template":"","meta":{"footnotes":""},"class_list":["post-328","page","type-page","status-publish","hentry"],"jetpack_sharing_enabled":true,"_links":{"self":[{"href":"https:\/\/josemanuelrestrepoied.edu.co\/en\/wp-json\/wp\/v2\/pages\/328","targetHints":{"allow":["GET"]}}],"collection":[{"href":"https:\/\/josemanuelrestrepoied.edu.co\/en\/wp-json\/wp\/v2\/pages"}],"about":[{"href":"https:\/\/josemanuelrestrepoied.edu.co\/en\/wp-json\/wp\/v2\/types\/page"}],"author":[{"embeddable":true,"href":"https:\/\/josemanuelrestrepoied.edu.co\/en\/wp-json\/wp\/v2\/users\/2"}],"replies":[{"embeddable":true,"href":"https:\/\/josemanuelrestrepoied.edu.co\/en\/wp-json\/wp\/v2\/comments?post=328"}],"version-history":[{"count":18,"href":"https:\/\/josemanuelrestrepoied.edu.co\/en\/wp-json\/wp\/v2\/pages\/328\/revisions"}],"predecessor-version":[{"id":573,"href":"https:\/\/josemanuelrestrepoied.edu.co\/en\/wp-json\/wp\/v2\/pages\/328\/revisions\/573"}],"wp:attachment":[{"href":"https:\/\/josemanuelrestrepoied.edu.co\/en\/wp-json\/wp\/v2\/media?parent=328"}],"curies":[{"name":"wp","href":"https:\/\/api.w.org\/{rel}","templated":true}]}}