{"id":403,"date":"2026-04-27T15:22:15","date_gmt":"2026-04-27T15:22:15","guid":{"rendered":"https:\/\/josemanuelrestrepoied.edu.co\/?page_id=403"},"modified":"2026-06-09T15:44:44","modified_gmt":"2026-06-09T15:44:44","slug":"preescolar","status":"publish","type":"page","link":"https:\/\/josemanuelrestrepoied.edu.co\/en\/preescolar\/","title":{"rendered":"Preescolar"},"content":{"rendered":"<hr class=\"wp-block-separator has-alpha-channel-opacity\"\/>\n\n\n\n<h2 class=\"wp-block-heading\">Capacitaci\u00f3n docentes de Preescolar<\/h2>\n\n\n\n<h6 class=\"wp-block-heading\">9 de junio de 2026<\/h6>\n\n\n\n<p class=\"wp-block-paragraph\">El d\u00eda 9 de junio el equipo de docentes de Preescolar particip\u00f3 en una capacitaci\u00f3n orientada por la Secretar\u00eda de Educaci\u00f3n del Distrito sobre ambientes pedag\u00f3gicos para inspirar y potenciar el desarrollo de los ni\u00f1os y las ni\u00f1as de educaci\u00f3n inicial.<\/p>\n\n\n\n<p class=\"wp-block-paragraph\">Este espacio de aprendizaje y reflexi\u00f3n fortaleci\u00f3 nuestras pr\u00e1cticas pedag\u00f3gicas, reafirmando el compromiso de brindar experiencias significativas que favorezcan el bienestar, la exploraci\u00f3n, el aprendizaje y el desarrollo integral de nuestros estudiantes.<\/p>\n\n\n\n<figure class=\"wp-block-gallery has-nested-images columns-default is-cropped wp-block-gallery-1 is-layout-flex wp-block-gallery-is-layout-flex\">\n<figure class=\"wp-block-image size-large\"><img loading=\"lazy\" decoding=\"async\" width=\"768\" height=\"1024\" data-id=\"592\" src=\"https:\/\/josemanuelrestrepoied.edu.co\/wp-content\/uploads\/2026\/06\/1-1-768x1024.jpeg\" alt=\"\" class=\"wp-image-592\" srcset=\"https:\/\/josemanuelrestrepoied.edu.co\/wp-content\/uploads\/2026\/06\/1-1-768x1024.jpeg 768w, https:\/\/josemanuelrestrepoied.edu.co\/wp-content\/uploads\/2026\/06\/1-1-225x300.jpeg 225w, https:\/\/josemanuelrestrepoied.edu.co\/wp-content\/uploads\/2026\/06\/1-1.jpeg 960w\" sizes=\"auto, (max-width: 768px) 100vw, 768px\" \/><\/figure>\n\n\n\n<figure class=\"wp-block-image size-large\"><img loading=\"lazy\" decoding=\"async\" width=\"768\" height=\"1024\" data-id=\"591\" src=\"https:\/\/josemanuelrestrepoied.edu.co\/wp-content\/uploads\/2026\/06\/2-768x1024.jpeg\" alt=\"\" class=\"wp-image-591\" srcset=\"https:\/\/josemanuelrestrepoied.edu.co\/wp-content\/uploads\/2026\/06\/2-768x1024.jpeg 768w, https:\/\/josemanuelrestrepoied.edu.co\/wp-content\/uploads\/2026\/06\/2-225x300.jpeg 225w, https:\/\/josemanuelrestrepoied.edu.co\/wp-content\/uploads\/2026\/06\/2.jpeg 960w\" sizes=\"auto, (max-width: 768px) 100vw, 768px\" \/><\/figure>\n<\/figure>\n\n\n\n<p class=\"wp-block-paragraph\"><a href=\"#Educaci\u00f3nInicial\" data-type=\"internal\" data-id=\"#Educaci\u00f3nInicial\">#Educaci\u00f3nInicial<\/a> <a href=\"#Preescolar\" data-type=\"internal\" data-id=\"#Preescolar\">#Preescolar<\/a><a href=\"#Formaci\u00f3nDocente\" data-type=\"internal\" data-id=\"#Formaci\u00f3nDocente\"> #Formaci\u00f3nDocente<\/a> <a href=\"#AmbientesPedag\u00f3gicos\" data-type=\"internal\" data-id=\"#AmbientesPedag\u00f3gicos\">#AmbientesPedag\u00f3gicos <\/a><a href=\"#SED\" data-type=\"internal\" data-id=\"#SED\">#SED<\/a> <a href=\"#AprenderCreciendo\" data-type=\"internal\" data-id=\"#AprenderCreciendo\">#AprenderCreciendo<\/a><\/p>\n\n\n\n<hr class=\"wp-block-separator has-alpha-channel-opacity\"\/>\n\n\n\n<h2 class=\"wp-block-heading\">Campa\u00f1a de cuidado de los ba\u00f1os de preescolar<\/h2>\n\n\n\n<h6 class=\"wp-block-heading\">28 de Abril de 2026<\/h6>\n\n\n<div class=\"wp-block-image\">\n<figure class=\"aligncenter size-large\"><img loading=\"lazy\" decoding=\"async\" width=\"683\" height=\"1024\" src=\"http:\/\/josemanuelrestrepoied.edu.co\/wp-content\/uploads\/2026\/04\/WhatsApp-Image-2026-04-28-at-8.30.51-AM-1-683x1024.jpeg\" alt=\"\" class=\"wp-image-423\" srcset=\"https:\/\/josemanuelrestrepoied.edu.co\/wp-content\/uploads\/2026\/04\/WhatsApp-Image-2026-04-28-at-8.30.51-AM-1-683x1024.jpeg 683w, https:\/\/josemanuelrestrepoied.edu.co\/wp-content\/uploads\/2026\/04\/WhatsApp-Image-2026-04-28-at-8.30.51-AM-1-200x300.jpeg 200w, https:\/\/josemanuelrestrepoied.edu.co\/wp-content\/uploads\/2026\/04\/WhatsApp-Image-2026-04-28-at-8.30.51-AM-1-768x1151.jpeg 768w, https:\/\/josemanuelrestrepoied.edu.co\/wp-content\/uploads\/2026\/04\/WhatsApp-Image-2026-04-28-at-8.30.51-AM-1-8x12.jpeg 8w, https:\/\/josemanuelrestrepoied.edu.co\/wp-content\/uploads\/2026\/04\/WhatsApp-Image-2026-04-28-at-8.30.51-AM-1.jpeg 854w\" sizes=\"auto, (max-width: 683px) 100vw, 683px\" \/><\/figure>\n<\/div>\n\n\n<hr class=\"wp-block-separator has-alpha-channel-opacity\"\/>\n\n\n\n<h2 class=\"wp-block-heading\">Celebraci\u00f3n d\u00eda del Ni\u00f1o<\/h2>\n\n\n\n<h6 class=\"wp-block-heading\">27 de abril de 2026<\/h6>\n\n\n<div class=\"wp-block-image\">\n<figure class=\"aligncenter size-large\"><img loading=\"lazy\" decoding=\"async\" width=\"724\" height=\"1024\" src=\"http:\/\/josemanuelrestrepoied.edu.co\/wp-content\/uploads\/2026\/04\/WhatsApp-Image-2026-04-23-at-7.12.03-AM-724x1024.jpeg\" alt=\"\" class=\"wp-image-402\" srcset=\"https:\/\/josemanuelrestrepoied.edu.co\/wp-content\/uploads\/2026\/04\/WhatsApp-Image-2026-04-23-at-7.12.03-AM-724x1024.jpeg 724w, https:\/\/josemanuelrestrepoied.edu.co\/wp-content\/uploads\/2026\/04\/WhatsApp-Image-2026-04-23-at-7.12.03-AM-212x300.jpeg 212w, https:\/\/josemanuelrestrepoied.edu.co\/wp-content\/uploads\/2026\/04\/WhatsApp-Image-2026-04-23-at-7.12.03-AM-768x1086.jpeg 768w, https:\/\/josemanuelrestrepoied.edu.co\/wp-content\/uploads\/2026\/04\/WhatsApp-Image-2026-04-23-at-7.12.03-AM-1087x1536.jpeg 1087w, https:\/\/josemanuelrestrepoied.edu.co\/wp-content\/uploads\/2026\/04\/WhatsApp-Image-2026-04-23-at-7.12.03-AM-8x12.jpeg 8w, https:\/\/josemanuelrestrepoied.edu.co\/wp-content\/uploads\/2026\/04\/WhatsApp-Image-2026-04-23-at-7.12.03-AM.jpeg 1132w\" sizes=\"auto, (max-width: 724px) 100vw, 724px\" \/><\/figure>\n<\/div>\n\n\n<hr class=\"wp-block-separator has-alpha-channel-opacity\"\/>\n\n\n\n<h2 id=\"preescolar\" class=\"wp-block-heading\">Equipo de&nbsp;<strong>preescolar<\/strong><\/h2>\n\n\n\n<p class=\"wp-block-paragraph\">En primera infancia, el Colegio Jos\u00e9 Manuel Restrepo reconoce a los ni\u00f1os y ni\u00f1as como seres integrales, activos, curiosos y capaces de construir aprendizajes significativos a partir de la exploraci\u00f3n, la experiencia y la interacci\u00f3n con su entorno. Por ello, nuestro trabajo pedag\u00f3gico se orienta al fortalecimiento del desarrollo integral, favoreciendo las dimensiones cognitiva, comunicativa, corporal, art\u00edstica, social y emocional.<\/p>\n\n\n\n<p class=\"wp-block-paragraph\">A trav\u00e9s de diferentes propuestas pedag\u00f3gicas, proyectos de aula, experiencias l\u00fadicas, actividades de exploraci\u00f3n, trabajo cooperativo, expresi\u00f3n art\u00edstica y aprendizaje vivencial, promovemos espacios en los que los estudiantes aprenden haciendo, experimentando, creando, observando y participando activamente en su proceso de formaci\u00f3n.<\/p>\n\n\n\n<p class=\"wp-block-paragraph\">Dentro de este proceso, se otorga un \u00e9nfasis especial al desarrollo motor y corporal mediante las clases de Dimensi\u00f3n Corporal, Educaci\u00f3n F\u00edsica y M\u00fasica, entendiendo que el movimiento, la coordinaci\u00f3n, el ritmo y la expresi\u00f3n corporal son fundamentales en esta etapa del desarrollo infantil. Estas experiencias fortalecen habilidades motrices, equilibrio, lateralidad, coordinaci\u00f3n, autonom\u00eda y expresi\u00f3n emocional.<\/p>\n\n\n<div class=\"wp-block-image\">\n<figure class=\"aligncenter size-large is-resized\"><img loading=\"lazy\" decoding=\"async\" width=\"1024\" height=\"768\" src=\"https:\/\/josemanuelrestrepoied.edu.co\/wp-content\/uploads\/2026\/05\/foto-prescolar-1024x768.jpeg\" alt=\"\" class=\"wp-image-493\" style=\"width:746px;height:auto\" srcset=\"https:\/\/josemanuelrestrepoied.edu.co\/wp-content\/uploads\/2026\/05\/foto-prescolar-1024x768.jpeg 1024w, https:\/\/josemanuelrestrepoied.edu.co\/wp-content\/uploads\/2026\/05\/foto-prescolar-300x225.jpeg 300w, https:\/\/josemanuelrestrepoied.edu.co\/wp-content\/uploads\/2026\/05\/foto-prescolar-768x576.jpeg 768w, https:\/\/josemanuelrestrepoied.edu.co\/wp-content\/uploads\/2026\/05\/foto-prescolar.jpeg 1440w\" sizes=\"auto, (max-width: 1024px) 100vw, 1024px\" \/><\/figure>\n<\/div>\n\n\n<p class=\"wp-block-paragraph\">De igual manera, el colegio promueve el desarrollo de la creatividad y la sensibilidad art\u00edstica a trav\u00e9s de experiencias relacionadas con el arte, la expresi\u00f3n pl\u00e1stica, la m\u00fasica y la creaci\u00f3n libre, permitiendo que los ni\u00f1os y ni\u00f1as potencien su imaginaci\u00f3n, comunicaci\u00f3n y capacidad de expresi\u00f3n.<\/p>\n\n\n\n<p class=\"wp-block-paragraph\">Asimismo, se brinda un enfoque importante al biling\u00fcismo, fortaleciendo el ingl\u00e9s como segunda lengua desde la primera infancia. Comprendiendo que en esta etapa la adquisici\u00f3n del lenguaje ocurre de manera m\u00e1s natural y enriquecedora, se prioriza el desarrollo de las habilidades de listening y speaking, favoreciendo la comprensi\u00f3n auditiva y la expresi\u00f3n oral mediante canciones, juegos, rutinas, din\u00e1micas y experiencias significativas en ingl\u00e9s.<\/p>\n\n\n\n<p class=\"wp-block-paragraph\">De esta manera, el Colegio Jos\u00e9 Manuel Restrepo busca ofrecer experiencias pedag\u00f3gicas integrales que contribuyan al bienestar, desarrollo y formaci\u00f3n de ni\u00f1os y ni\u00f1as felices, aut\u00f3nomos, creativos y capaces de desenvolverse de manera positiva en su entorno.<\/p>","protected":false},"excerpt":{"rendered":"<p>Capacitaci\u00f3n docentes de Preescolar 9 de junio de 2026 El d\u00eda 9 de junio el equipo de docentes de Preescolar particip\u00f3 en una capacitaci\u00f3n orientada por la Secretar\u00eda de Educaci\u00f3n del Distrito sobre ambientes pedag\u00f3gicos para inspirar y potenciar el&hellip;<\/p>","protected":false},"author":3,"featured_media":0,"parent":0,"menu_order":0,"comment_status":"closed","ping_status":"closed","template":"","meta":{"footnotes":""},"class_list":["post-403","page","type-page","status-publish","hentry"],"jetpack_sharing_enabled":true,"_links":{"self":[{"href":"https:\/\/josemanuelrestrepoied.edu.co\/en\/wp-json\/wp\/v2\/pages\/403","targetHints":{"allow":["GET"]}}],"collection":[{"href":"https:\/\/josemanuelrestrepoied.edu.co\/en\/wp-json\/wp\/v2\/pages"}],"about":[{"href":"https:\/\/josemanuelrestrepoied.edu.co\/en\/wp-json\/wp\/v2\/types\/page"}],"author":[{"embeddable":true,"href":"https:\/\/josemanuelrestrepoied.edu.co\/en\/wp-json\/wp\/v2\/users\/3"}],"replies":[{"embeddable":true,"href":"https:\/\/josemanuelrestrepoied.edu.co\/en\/wp-json\/wp\/v2\/comments?post=403"}],"version-history":[{"count":15,"href":"https:\/\/josemanuelrestrepoied.edu.co\/en\/wp-json\/wp\/v2\/pages\/403\/revisions"}],"predecessor-version":[{"id":593,"href":"https:\/\/josemanuelrestrepoied.edu.co\/en\/wp-json\/wp\/v2\/pages\/403\/revisions\/593"}],"wp:attachment":[{"href":"https:\/\/josemanuelrestrepoied.edu.co\/en\/wp-json\/wp\/v2\/media?parent=403"}],"curies":[{"name":"wp","href":"https:\/\/api.w.org\/{rel}","templated":true}]}}