{"id":523,"date":"2026-05-25T18:21:24","date_gmt":"2026-05-25T18:21:24","guid":{"rendered":"https:\/\/josemanuelrestrepoied.edu.co\/?page_id=523"},"modified":"2026-05-25T18:31:05","modified_gmt":"2026-05-25T18:31:05","slug":"que-es-polifonia-de-las-memorias","status":"publish","type":"page","link":"https:\/\/josemanuelrestrepoied.edu.co\/en\/que-es-polifonia-de-las-memorias\/","title":{"rendered":"\u00bfQu\u00e9 es Polifon\u00eda de las memorias?"},"content":{"rendered":"<p class=\"wp-block-paragraph\"><\/p>\n\n\n\n<h2 class=\"wp-block-heading\">\u00c1<strong>rea<\/strong><\/h2>\n\n\n\n<p class=\"wp-block-paragraph\">Ciencias Sociales<\/p>\n\n\n\n<h2 class=\"wp-block-heading\"><strong>Docente encargada<\/strong><\/h2>\n\n\n\n<p class=\"wp-block-paragraph\">Lorena Torres G\u00e1mez <\/p>\n\n\n\n<p class=\"wp-block-paragraph\">ingrid.torres459@educacionbogota.edu.co<\/p>\n\n\n\n<h2 class=\"wp-block-heading\"><strong>Contexto del proyecto<\/strong><\/h2>\n\n\n\n<p class=\"wp-block-paragraph\"><em>Polifon\u00eda de las memorias<\/em> es un proyecto pedag\u00f3gico gestado desde el \u00c1rea de Ciencias Sociales del colegio Jos\u00e9 Manuel Restrepo en el a\u00f1o 2024.\u00a0 Deviene del inter\u00e9s por reconocer en la escuela, su cultura, discursos, pr\u00e1cticas y sujetos un entramado de relaciones en el que confluyen m\u00faltiples voces, recuerdos y temporalidades, que, contempladas a la luz anal\u00edtica y reflexiva de la identidad e historia escolar, nos develan las particularidades del trasegar de una comunidad educativa de m\u00e1s de cincuenta a\u00f1os.<\/p>\n\n\n\n<h2 class=\"wp-block-heading\"><strong>\u00bfQu\u00e9 es Polifon\u00eda de las memorias?<\/strong><\/h2>\n\n\n\n<p class=\"wp-block-paragraph\">Es un proyecto escolar sustentado en las pedagog\u00edas de las memorias, entendiendo estas como la reflexi\u00f3n constante y consciente sobre las maneras, espacios y tiempos en los que producimos, reproducimos y significamos el pasado; en esa v\u00eda, asume dos tareas alimentadas simult\u00e1neamente <em>Pedagogizar la memoria<\/em> y permitir que la memoria <em>pedagogice la escuela<\/em> por medio de indagaciones acerca de lo que ha sido, es y ser\u00e1 el contexto que habitamos.}<\/p>\n\n\n\n<p class=\"wp-block-paragraph\">En consecuencia, el proyecto es un ejercicio de creaci\u00f3n colectiva donde la pedagog\u00eda es el veh\u00edculo para situar la memoria como deber y derecho de la ciudadan\u00eda, una puerta al trabajo dentro y fuera del aula con memorias hist\u00f3ricas, subalternas, emergentes, juveniles, barriales, familiares, entre otras.<\/p>","protected":false},"excerpt":{"rendered":"<p>\u00c1rea Ciencias Sociales Docente encargada Lorena Torres G\u00e1mez ingrid.torres459@educacionbogota.edu.co Contexto del proyecto Polifon\u00eda de las memorias es un proyecto pedag\u00f3gico gestado desde el \u00c1rea de Ciencias Sociales del colegio Jos\u00e9 Manuel Restrepo en el a\u00f1o 2024.\u00a0 Deviene del inter\u00e9s por&hellip;<\/p>","protected":false},"author":2,"featured_media":0,"parent":0,"menu_order":0,"comment_status":"closed","ping_status":"closed","template":"","meta":{"footnotes":""},"class_list":["post-523","page","type-page","status-publish","hentry"],"jetpack_sharing_enabled":true,"_links":{"self":[{"href":"https:\/\/josemanuelrestrepoied.edu.co\/en\/wp-json\/wp\/v2\/pages\/523","targetHints":{"allow":["GET"]}}],"collection":[{"href":"https:\/\/josemanuelrestrepoied.edu.co\/en\/wp-json\/wp\/v2\/pages"}],"about":[{"href":"https:\/\/josemanuelrestrepoied.edu.co\/en\/wp-json\/wp\/v2\/types\/page"}],"author":[{"embeddable":true,"href":"https:\/\/josemanuelrestrepoied.edu.co\/en\/wp-json\/wp\/v2\/users\/2"}],"replies":[{"embeddable":true,"href":"https:\/\/josemanuelrestrepoied.edu.co\/en\/wp-json\/wp\/v2\/comments?post=523"}],"version-history":[{"count":3,"href":"https:\/\/josemanuelrestrepoied.edu.co\/en\/wp-json\/wp\/v2\/pages\/523\/revisions"}],"predecessor-version":[{"id":535,"href":"https:\/\/josemanuelrestrepoied.edu.co\/en\/wp-json\/wp\/v2\/pages\/523\/revisions\/535"}],"wp:attachment":[{"href":"https:\/\/josemanuelrestrepoied.edu.co\/en\/wp-json\/wp\/v2\/media?parent=523"}],"curies":[{"name":"wp","href":"https:\/\/api.w.org\/{rel}","templated":true}]}}