{"id":529,"date":"2026-05-25T18:22:56","date_gmt":"2026-05-25T18:22:56","guid":{"rendered":"https:\/\/josemanuelrestrepoied.edu.co\/?page_id=529"},"modified":"2026-05-25T18:35:40","modified_gmt":"2026-05-25T18:35:40","slug":"cuales-son-los-espacios-de-accion-pedagogica","status":"publish","type":"page","link":"https:\/\/josemanuelrestrepoied.edu.co\/en\/cuales-son-los-espacios-de-accion-pedagogica\/","title":{"rendered":"\u00bfCu\u00e1les son los espacios de acci\u00f3n pedag\u00f3gica?"},"content":{"rendered":"<p class=\"wp-block-paragraph\">El proyecto contempla tres espacios de acci\u00f3n sustentados en el desarrollo de acciones significativas dentro y fuera del colegio.<\/p>\n\n\n\n<h2 class=\"wp-block-heading\"><strong>Aula de clase: laboratorio de creaci\u00f3n<\/strong><\/h2>\n\n\n\n<p class=\"wp-block-paragraph\">Participaci\u00f3n de todos los estudiantes.<\/p>\n\n\n\n<p class=\"wp-block-paragraph\">Desarrollo de actividades vinculadas al Subject plan.<\/p>\n\n\n\n<p class=\"wp-block-paragraph\">Elaboraci\u00f3n de productos colectivos.<\/p>\n\n\n\n<p class=\"wp-block-paragraph\">Fundamentaci\u00f3n en memoria e Historia.<\/p>\n\n\n\n<h2 class=\"wp-block-heading\"><strong>Semillero escolar: procesos de profundizaci\u00f3n<\/strong><\/h2>\n\n\n\n<p class=\"wp-block-paragraph\">Participaci\u00f3n de estudiantes inscritos en el proyecto de Polifon\u00edas (grados 7, 8y 9).<\/p>\n\n\n\n<p class=\"wp-block-paragraph\">Organizaci\u00f3n de grupos de trabajo (comunicaciones, creativo, acad\u00e9mico)<\/p>\n\n\n\n<p class=\"wp-block-paragraph\">Elaboraci\u00f3n de productos para muestras internas y externas.<\/p>\n\n\n\n<p class=\"wp-block-paragraph\">Trabajo interdisciplinar con otras \u00e1reas del conocimiento.<\/p>\n\n\n\n<p class=\"wp-block-paragraph\">Acompa\u00f1amiento y apoyo de otras entidades.<\/p>\n\n\n\n<p class=\"wp-block-paragraph\">Desarrollo de trabajo con l\u00edneas de creaci\u00f3n definidas (visuales, fotograf\u00edas, teatro, danza)<\/p>\n\n\n\n<h2 class=\"wp-block-heading\"><strong>Conmemoraciones y encuentros intra- extra escolar<\/strong><\/h2>\n\n\n\n<p class=\"wp-block-paragraph\">Participaci\u00f3n parcial o general de la comunidad educativa (estudiantes, docentes, familias, directivas docentes)<\/p>\n\n\n\n<p class=\"wp-block-paragraph\">Socializaci\u00f3n de trabajos y reflexiones alcanzadas en el espacio de clase o en el semillero.<\/p>\n\n\n\n<p class=\"wp-block-paragraph\">Posicionamiento de fechas y eventos conmemorativos.<\/p>\n\n\n\n<p class=\"wp-block-paragraph\">Significaci\u00f3n y sentido a espacios del colegio como lugares de memoria. Acompa\u00f1amiento y apoyo de otras entidades.<\/p>\n\n\n\n<p class=\"wp-block-paragraph\"><\/p>\n\n\n\n<hr class=\"wp-block-separator has-alpha-channel-opacity\"\/>\n\n\n\n<h2 class=\"wp-block-heading\"><strong>\u00bfCu\u00e1les son las l\u00edneas pedag\u00f3gicas?<\/strong><\/h2>\n\n\n\n<ul class=\"wp-block-list\">\n<li><strong>Investigaci\u00f3n social escolar<\/strong><\/li>\n<\/ul>\n\n\n\n<p class=\"wp-block-paragraph\">Participaci\u00f3n en eventos de orden acad\u00e9mico y colaborativo<\/p>\n\n\n\n<p class=\"wp-block-paragraph\">2024<\/p>\n\n\n\n<p class=\"wp-block-paragraph\">Salida pedag\u00f3gica al Museo del Oro<\/p>\n\n\n\n<p class=\"wp-block-paragraph\">2025<\/p>\n\n\n\n<p class=\"wp-block-paragraph\">\u00c1lbumes de memoria<\/p>\n\n\n\n<p class=\"wp-block-paragraph\"><a href=\"https:\/\/internoredpedu-my.sharepoint.com\/:f:\/g\/personal\/ingrid_torres459_educacionbogota_edu_co\/IgBbMYKPfrbVRI0qHrK-PIzUAV1pLvKefHekc8cKwwk6IK8?e=VwyWkA\">2025 ALBUMES MEMORIA<\/a><\/p>\n\n\n\n<p class=\"wp-block-paragraph\">CLACSO: Conferencia de Ciencias Sociales<\/p>\n\n\n\n<p class=\"wp-block-paragraph\"><a href=\"https:\/\/internoredpedu-my.sharepoint.com\/:f:\/g\/personal\/ingrid_torres459_educacionbogota_edu_co\/IgBogkuqYX3TQIZbqbJDJ_XiAWlaQYq7tUrD_b_dvl4zJS4?e=XgGsjx\">2025 CLACSO JMR<\/a><\/p>\n\n\n\n<p class=\"wp-block-paragraph\">Salida Pedag\u00f3gica Museo Banco de la Republica y Centro de Memoria, Paz y Reconciliaci\u00f3n<\/p>\n\n\n\n<p class=\"wp-block-paragraph\"><a href=\"https:\/\/internoredpedu-my.sharepoint.com\/:f:\/g\/personal\/ingrid_torres459_educacionbogota_edu_co\/IgAdhPbJ8Xf-RLQuTbxRY17xAfGWodNkE-8k3Rdm95YAN3I?e=5fYBQr\">2025 SALIDA PEDAG\u00d3GICA<\/a><\/p>\n\n\n\n<p class=\"wp-block-paragraph\">Recetario de la memoria<\/p>\n\n\n\n<ul class=\"wp-block-list\">\n<li><strong>Creaci\u00f3n y cocreaci\u00f3n art\u00edstica<\/strong><\/li>\n<\/ul>\n\n\n\n<p class=\"wp-block-paragraph\">2024<\/p>\n\n\n\n<p class=\"wp-block-paragraph\">Creaciones pl\u00e1sticas y conceptos b\u00e1sicos de Historia<\/p>\n\n\n\n<p class=\"wp-block-paragraph\"><a href=\"https:\/\/internoredpedu-my.sharepoint.com\/:f:\/g\/personal\/ingrid_torres459_educacionbogota_edu_co\/IgBscK7-4tGnQaeH6f9--GNuATf98uDFLplg1uIsK9CtKDU?e=xyjqw6\">2024 Creaciones pl\u00e1sticas y conceptos b\u00e1sicos de Historia<\/a><\/p>\n\n\n\n<p class=\"wp-block-paragraph\">Taller de creaci\u00f3n: memoria e imagen UPN<\/p>\n\n\n\n<p class=\"wp-block-paragraph\"><a href=\"https:\/\/internoredpedu-my.sharepoint.com\/:f:\/g\/personal\/ingrid_torres459_educacionbogota_edu_co\/IgBuUEmrdgwXRZ__io-cNbV1ATE6byyyCgIoSHCI53yjq3s?e=075KxB\">2024 Taller de creaci\u00f3n memoria e imagen UPN<\/a><\/p>\n\n\n\n<p class=\"wp-block-paragraph\">2025<\/p>\n\n\n\n<p class=\"wp-block-paragraph\">Festival de las Artes<\/p>\n\n\n\n<p class=\"wp-block-paragraph\"><a href=\"https:\/\/internoredpedu-my.sharepoint.com\/:f:\/g\/personal\/ingrid_torres459_educacionbogota_edu_co\/IgCLUqzwxVm9SYKNCwOOy62tAe_L9DJQGjCOw2tgx60LXxU?e=6ppIp3\">2025 FESTIVAL DE LAS ARTES<\/a><\/p>\n\n\n\n<p class=\"wp-block-paragraph\">Mesa de creaci\u00f3n con CMPR<\/p>\n\n\n\n<p class=\"wp-block-paragraph\"><a href=\"https:\/\/internoredpedu-my.sharepoint.com\/:f:\/g\/personal\/ingrid_torres459_educacionbogota_edu_co\/IgDy0jGKsmRAQacG2X4GQDA4AeXSwfVtaVtnP20CgZ8C5jU?e=ArKUX5\">2025 MESA CREACI\u00d3N CMPR<\/a><\/p>\n\n\n\n<p class=\"wp-block-paragraph\">Postales de la memoria<\/p>\n\n\n\n<p class=\"wp-block-paragraph\"><a href=\"https:\/\/internoredpedu-my.sharepoint.com\/:f:\/g\/personal\/ingrid_torres459_educacionbogota_edu_co\/IgCYwYo1dkdbRJP6YDEKwnj2AWxUceVRESAnV5HacwucWr0?e=jJWYDj\">POSTALES DE PAZ 2025<\/a><\/p>\n\n\n\n<ul class=\"wp-block-list\">\n<li><strong>Conmemoraci\u00f3n, comunidad y territorio<\/strong><\/li>\n<\/ul>\n\n\n\n<p class=\"wp-block-paragraph\">2025<\/p>\n\n\n\n<p class=\"wp-block-paragraph\">Conmemoraci\u00f3n del 9 de abril: D\u00eda de la memoria de las V\u00edctimas<\/p>\n\n\n\n<p class=\"wp-block-paragraph\"><a href=\"https:\/\/internoredpedu-my.sharepoint.com\/:f:\/g\/personal\/ingrid_torres459_educacionbogota_edu_co\/IgBsX8alBNFVR4sUEx105LGUAQMNSiuO9YR4K51a4ie1MV4?e=JAShjz\">2025 9 DE ABRIL JMR<\/a><\/p>\n\n\n\n<p class=\"wp-block-paragraph\">Juntanzas: semana por la paz<\/p>\n\n\n\n<p class=\"wp-block-paragraph\"><a href=\"https:\/\/internoredpedu-my.sharepoint.com\/:f:\/g\/personal\/ingrid_torres459_educacionbogota_edu_co\/IgCG-exASoodRr9QNyBhtG0CAexXIXY26DvThvJkWEthFxE?e=9m7hgn\">2025 JUNTANZAS<\/a><\/p>\n\n\n\n<p class=\"wp-block-paragraph\">2026<\/p>\n\n\n\n<p class=\"wp-block-paragraph\">Conmemoraci\u00f3n del 9 de abril: D\u00eda de la memoria de las V\u00edctimas<\/p>\n\n\n\n<p class=\"wp-block-paragraph\"><a href=\"https:\/\/internoredpedu-my.sharepoint.com\/:f:\/g\/personal\/ingrid_torres459_educacionbogota_edu_co\/IgDBl3KCCudFR7TJ4CSccyVlAVm-wNbEdZSmLzsVoSwBx9I?e=sn4v8V\">2026 9 de abril<\/a><\/p>\n\n\n\n<hr class=\"wp-block-separator has-alpha-channel-opacity\"\/>\n\n\n\n<h2 class=\"wp-block-heading\"><strong>\u00bfQui\u00e9nes son nuestros aliados?<\/strong><\/h2>\n\n\n\n<ul class=\"wp-block-list\">\n<li>Centro de Memoria, Paz y Reconciliaci\u00f3n CMPR<\/li>\n<\/ul>\n\n\n\n<p class=\"wp-block-paragraph\">Somos parte de los coelgios lugares de memoria en Bogot\u00e1<\/p>\n\n\n\n<ul class=\"wp-block-list\">\n<li>Instituto para la Investigaci\u00f3n Educativa y Desarrollo Pedag\u00f3gico IDEP<\/li>\n<\/ul>\n\n\n\n<p class=\"wp-block-paragraph\">Somos parte de los semilleros escolares acompa\u00f1ados<\/p>\n\n\n\n<ul class=\"wp-block-list\">\n<li>Universidad Pedag\u00f3gica Nacional UPN Lic. Artes Visuales<\/li>\n<\/ul>\n\n\n\n<p class=\"wp-block-paragraph\">Hemos sido acompa\u00f1ados por estudiantes de la universidad<\/p>","protected":false},"excerpt":{"rendered":"<p>El proyecto contempla tres espacios de acci\u00f3n sustentados en el desarrollo de acciones significativas dentro y fuera del colegio. Aula de clase: laboratorio de creaci\u00f3n Participaci\u00f3n de todos los estudiantes. Desarrollo de actividades vinculadas al Subject plan. Elaboraci\u00f3n de productos&hellip;<\/p>","protected":false},"author":2,"featured_media":0,"parent":0,"menu_order":0,"comment_status":"closed","ping_status":"closed","template":"","meta":{"footnotes":""},"class_list":["post-529","page","type-page","status-publish","hentry"],"jetpack_sharing_enabled":true,"_links":{"self":[{"href":"https:\/\/josemanuelrestrepoied.edu.co\/en\/wp-json\/wp\/v2\/pages\/529","targetHints":{"allow":["GET"]}}],"collection":[{"href":"https:\/\/josemanuelrestrepoied.edu.co\/en\/wp-json\/wp\/v2\/pages"}],"about":[{"href":"https:\/\/josemanuelrestrepoied.edu.co\/en\/wp-json\/wp\/v2\/types\/page"}],"author":[{"embeddable":true,"href":"https:\/\/josemanuelrestrepoied.edu.co\/en\/wp-json\/wp\/v2\/users\/2"}],"replies":[{"embeddable":true,"href":"https:\/\/josemanuelrestrepoied.edu.co\/en\/wp-json\/wp\/v2\/comments?post=529"}],"version-history":[{"count":3,"href":"https:\/\/josemanuelrestrepoied.edu.co\/en\/wp-json\/wp\/v2\/pages\/529\/revisions"}],"predecessor-version":[{"id":539,"href":"https:\/\/josemanuelrestrepoied.edu.co\/en\/wp-json\/wp\/v2\/pages\/529\/revisions\/539"}],"wp:attachment":[{"href":"https:\/\/josemanuelrestrepoied.edu.co\/en\/wp-json\/wp\/v2\/media?parent=529"}],"curies":[{"name":"wp","href":"https:\/\/api.w.org\/{rel}","templated":true}]}}